{"id":2944,"date":"2023-02-26T08:17:03","date_gmt":"2023-02-26T07:17:03","guid":{"rendered":"https:\/\/www.hall32.fr\/ecole\/?post_type=faq&#038;p=2944"},"modified":"2023-02-26T08:17:04","modified_gmt":"2023-02-26T07:17:04","slug":"je-suis-porteur-dun-handicap-est-il-possible-dintegrer-une-formation","status":"publish","type":"faq","link":"https:\/\/www.hall32.fr\/ecole\/faq\/je-suis-porteur-dun-handicap-est-il-possible-dintegrer-une-formation\/","title":{"rendered":"Je suis porteur d&rsquo;un handicap, est-il possible d&rsquo;int\u00e9grer une formation ?"},"content":{"rendered":"<div class=\"espace \ud83d\ude80 mb-7 mb-lg-7 \" data-aos=\"fade-up\">\n        <div class=\"container\">\n<p>Nous disposons d\u2019une politique d\u2019accessibilit\u00e9 en termes d\u2019accompagnement ou de locaux.<\/p>\n <\/div>\n        <\/div>\n\n<div class=\"espace \ud83d\ude80 mb-7 mb-lg-7 \" data-aos=\"fade-up\">\n        <div class=\"container\">\n<p>Nous accueillons chaque ann\u00e9e plusieurs jeunes porteurs d\u2019un handicap qu\u2019il soit visible ou non visible. Nous travaillons avec l\u2019\u00e9quipe p\u00e9dagogique a leur r\u00e9ussite gr\u00e2ce \u00e0 une politique d\u2019insertion et d\u2019inclusion renforc\u00e9e.<\/p>\n <\/div>\n        <\/div>\n\n<div class=\"espace \ud83d\ude80 mb-7 mb-lg-7 \" data-aos=\"fade-up\">\n        <div class=\"container\">\n<p>Si vous \u00eates en situation de handicap, n&rsquo;h\u00e9sitez pas \u00e0 contacter notre r\u00e9f\u00e9rent handicap : frederic.lagente@hall32.fr<\/p>\n <\/div>\n        <\/div>","protected":false},"excerpt":{"rendered":"<p>Nous disposons d\u2019une politique d\u2019accessibilit\u00e9 en termes d\u2019accompagnement ou de locaux. Nous accueillons chaque ann\u00e9e plusieurs jeunes porteurs d\u2019un handicap qu\u2019il soit visible ou non visible. Nous travaillons avec l\u2019\u00e9quipe p\u00e9dagogique a leur r\u00e9ussite gr\u00e2ce \u00e0 une politique d\u2019insertion et d\u2019inclusion renforc\u00e9e. Si vous \u00eates en situation de handicap, n&rsquo;h\u00e9sitez pas \u00e0 contacter notre r\u00e9f\u00e9rent [&hellip;]<\/p>\n","protected":false},"featured_media":0,"parent":0,"menu_order":0,"template":"","periscope_categorie_tax":[22,12,24],"class_list":["post-2944","faq","type-faq","status-publish","hentry","periscope_categorie_tax-jeunes","periscope_categorie_tax-rejoindre-hall-32","periscope_categorie_tax-accessibilite"],"acf":[],"yoast_head":"<!-- This site is optimized with the Yoast SEO plugin v25.9 - https:\/\/yoast.com\/wordpress\/plugins\/seo\/ -->\n<title>Je suis porteur d&#039;un handicap, est-il possible d&#039;int\u00e9grer une formation ? - Ecole<\/title>\n<meta name=\"robots\" content=\"index, follow, max-snippet:-1, max-image-preview:large, max-video-preview:-1\" \/>\n<link rel=\"canonical\" href=\"https:\/\/www.hall32.fr\/ecole\/faq\/je-suis-porteur-dun-handicap-est-il-possible-dintegrer-une-formation\/\" \/>\n<meta property=\"og:locale\" content=\"fr_FR\" \/>\n<meta property=\"og:type\" content=\"article\" \/>\n<meta property=\"og:title\" content=\"Je suis porteur d&#039;un handicap, est-il possible d&#039;int\u00e9grer une formation ? - Ecole\" \/>\n<meta property=\"og:description\" content=\"Nous disposons d\u2019une politique d\u2019accessibilit\u00e9 en termes d\u2019accompagnement ou de locaux. Nous accueillons chaque ann\u00e9e plusieurs jeunes porteurs d\u2019un handicap qu\u2019il soit visible ou non visible. Nous travaillons avec l\u2019\u00e9quipe p\u00e9dagogique a leur r\u00e9ussite gr\u00e2ce \u00e0 une politique d\u2019insertion et d\u2019inclusion renforc\u00e9e. Si vous \u00eates en situation de handicap, n&rsquo;h\u00e9sitez pas \u00e0 contacter notre r\u00e9f\u00e9rent [&hellip;]\" \/>\n<meta property=\"og:url\" content=\"https:\/\/www.hall32.fr\/ecole\/faq\/je-suis-porteur-dun-handicap-est-il-possible-dintegrer-une-formation\/\" \/>\n<meta property=\"og:site_name\" content=\"Ecole\" \/>\n<meta property=\"article:modified_time\" content=\"2023-02-26T07:17:04+00:00\" \/>\n<meta name=\"twitter:card\" content=\"summary_large_image\" \/>\n<meta name=\"twitter:label1\" content=\"Dur\u00e9e de lecture estim\u00e9e\" \/>\n\t<meta name=\"twitter:data1\" content=\"1 minute\" \/>\n<script type=\"application\/ld+json\" class=\"yoast-schema-graph\">{\"@context\":\"https:\/\/schema.org\",\"@graph\":[{\"@type\":\"WebPage\",\"@id\":\"https:\/\/www.hall32.fr\/ecole\/faq\/je-suis-porteur-dun-handicap-est-il-possible-dintegrer-une-formation\/\",\"url\":\"https:\/\/www.hall32.fr\/ecole\/faq\/je-suis-porteur-dun-handicap-est-il-possible-dintegrer-une-formation\/\",\"name\":\"Je suis porteur d'un handicap, est-il possible d'int\u00e9grer une formation ? - Ecole\",\"isPartOf\":{\"@id\":\"https:\/\/www.hall32.fr\/ecole\/#website\"},\"datePublished\":\"2023-02-26T07:17:03+00:00\",\"dateModified\":\"2023-02-26T07:17:04+00:00\",\"breadcrumb\":{\"@id\":\"https:\/\/www.hall32.fr\/ecole\/faq\/je-suis-porteur-dun-handicap-est-il-possible-dintegrer-une-formation\/#breadcrumb\"},\"inLanguage\":\"fr-FR\",\"potentialAction\":[{\"@type\":\"ReadAction\",\"target\":[\"https:\/\/www.hall32.fr\/ecole\/faq\/je-suis-porteur-dun-handicap-est-il-possible-dintegrer-une-formation\/\"]}]},{\"@type\":\"BreadcrumbList\",\"@id\":\"https:\/\/www.hall32.fr\/ecole\/faq\/je-suis-porteur-dun-handicap-est-il-possible-dintegrer-une-formation\/#breadcrumb\",\"itemListElement\":[{\"@type\":\"ListItem\",\"position\":1,\"name\":\"FAQ\",\"item\":\"https:\/\/www.hall32.fr\/ecole\/toutes-nos-faqs\/\"},{\"@type\":\"ListItem\",\"position\":2,\"name\":\"Accessibilit\u00e9\",\"item\":\"https:\/\/www.hall32.fr\/ecole\/categorie-faq\/general\/accessibilite\/\"},{\"@type\":\"ListItem\",\"position\":3,\"name\":\"Je suis porteur d&rsquo;un handicap, est-il possible d&rsquo;int\u00e9grer une formation ?\"}]},{\"@type\":\"WebSite\",\"@id\":\"https:\/\/www.hall32.fr\/ecole\/#website\",\"url\":\"https:\/\/www.hall32.fr\/ecole\/\",\"name\":\"Ecole\",\"description\":\"\",\"potentialAction\":[{\"@type\":\"SearchAction\",\"target\":{\"@type\":\"EntryPoint\",\"urlTemplate\":\"https:\/\/www.hall32.fr\/ecole\/?s={search_term_string}\"},\"query-input\":{\"@type\":\"PropertyValueSpecification\",\"valueRequired\":true,\"valueName\":\"search_term_string\"}}],\"inLanguage\":\"fr-FR\"}]}<\/script>\n<!-- \/ Yoast SEO plugin. -->","yoast_head_json":{"title":"Je suis porteur d'un handicap, est-il possible d'int\u00e9grer une formation ? - Ecole","robots":{"index":"index","follow":"follow","max-snippet":"max-snippet:-1","max-image-preview":"max-image-preview:large","max-video-preview":"max-video-preview:-1"},"canonical":"https:\/\/www.hall32.fr\/ecole\/faq\/je-suis-porteur-dun-handicap-est-il-possible-dintegrer-une-formation\/","og_locale":"fr_FR","og_type":"article","og_title":"Je suis porteur d'un handicap, est-il possible d'int\u00e9grer une formation ? - Ecole","og_description":"Nous disposons d\u2019une politique d\u2019accessibilit\u00e9 en termes d\u2019accompagnement ou de locaux. Nous accueillons chaque ann\u00e9e plusieurs jeunes porteurs d\u2019un handicap qu\u2019il soit visible ou non visible. Nous travaillons avec l\u2019\u00e9quipe p\u00e9dagogique a leur r\u00e9ussite gr\u00e2ce \u00e0 une politique d\u2019insertion et d\u2019inclusion renforc\u00e9e. Si vous \u00eates en situation de handicap, n&rsquo;h\u00e9sitez pas \u00e0 contacter notre r\u00e9f\u00e9rent [&hellip;]","og_url":"https:\/\/www.hall32.fr\/ecole\/faq\/je-suis-porteur-dun-handicap-est-il-possible-dintegrer-une-formation\/","og_site_name":"Ecole","article_modified_time":"2023-02-26T07:17:04+00:00","twitter_card":"summary_large_image","twitter_misc":{"Dur\u00e9e de lecture estim\u00e9e":"1 minute"},"schema":{"@context":"https:\/\/schema.org","@graph":[{"@type":"WebPage","@id":"https:\/\/www.hall32.fr\/ecole\/faq\/je-suis-porteur-dun-handicap-est-il-possible-dintegrer-une-formation\/","url":"https:\/\/www.hall32.fr\/ecole\/faq\/je-suis-porteur-dun-handicap-est-il-possible-dintegrer-une-formation\/","name":"Je suis porteur d'un handicap, est-il possible d'int\u00e9grer une formation ? - Ecole","isPartOf":{"@id":"https:\/\/www.hall32.fr\/ecole\/#website"},"datePublished":"2023-02-26T07:17:03+00:00","dateModified":"2023-02-26T07:17:04+00:00","breadcrumb":{"@id":"https:\/\/www.hall32.fr\/ecole\/faq\/je-suis-porteur-dun-handicap-est-il-possible-dintegrer-une-formation\/#breadcrumb"},"inLanguage":"fr-FR","potentialAction":[{"@type":"ReadAction","target":["https:\/\/www.hall32.fr\/ecole\/faq\/je-suis-porteur-dun-handicap-est-il-possible-dintegrer-une-formation\/"]}]},{"@type":"BreadcrumbList","@id":"https:\/\/www.hall32.fr\/ecole\/faq\/je-suis-porteur-dun-handicap-est-il-possible-dintegrer-une-formation\/#breadcrumb","itemListElement":[{"@type":"ListItem","position":1,"name":"FAQ","item":"https:\/\/www.hall32.fr\/ecole\/toutes-nos-faqs\/"},{"@type":"ListItem","position":2,"name":"Accessibilit\u00e9","item":"https:\/\/www.hall32.fr\/ecole\/categorie-faq\/general\/accessibilite\/"},{"@type":"ListItem","position":3,"name":"Je suis porteur d&rsquo;un handicap, est-il possible d&rsquo;int\u00e9grer une formation ?"}]},{"@type":"WebSite","@id":"https:\/\/www.hall32.fr\/ecole\/#website","url":"https:\/\/www.hall32.fr\/ecole\/","name":"Ecole","description":"","potentialAction":[{"@type":"SearchAction","target":{"@type":"EntryPoint","urlTemplate":"https:\/\/www.hall32.fr\/ecole\/?s={search_term_string}"},"query-input":{"@type":"PropertyValueSpecification","valueRequired":true,"valueName":"search_term_string"}}],"inLanguage":"fr-FR"}]}},"_links":{"self":[{"href":"https:\/\/www.hall32.fr\/ecole\/wp-json\/wp\/v2\/faq\/2944","targetHints":{"allow":["GET"]}}],"collection":[{"href":"https:\/\/www.hall32.fr\/ecole\/wp-json\/wp\/v2\/faq"}],"about":[{"href":"https:\/\/www.hall32.fr\/ecole\/wp-json\/wp\/v2\/types\/faq"}],"wp:attachment":[{"href":"https:\/\/www.hall32.fr\/ecole\/wp-json\/wp\/v2\/media?parent=2944"}],"wp:term":[{"taxonomy":"periscope_categorie_tax","embeddable":true,"href":"https:\/\/www.hall32.fr\/ecole\/wp-json\/wp\/v2\/periscope_categorie_tax?post=2944"}],"curies":[{"name":"wp","href":"https:\/\/api.w.org\/{rel}","templated":true}]}}