{"id":156,"date":"2023-01-03T11:34:08","date_gmt":"2023-01-03T10:34:08","guid":{"rendered":"https:\/\/www.hall32.fr\/ecole\/?page_id=156"},"modified":"2025-10-14T09:55:48","modified_gmt":"2025-10-14T07:55:48","slug":"se-former-a-hall32","status":"publish","type":"page","link":"https:\/\/www.hall32.fr\/ecole\/a-propos\/se-former-a-hall32\/","title":{"rendered":"Se former \u00e0 Hall 32"},"content":{"rendered":"<!-- START OF : Composant : block-periscope-theme-section-composant-espace.php -->\n<div class=\"espace \ud83d\ude80 mb-7 mb-lg-14\"><\/div>\n<!-- END OF : Composant : block-periscope-theme-section-composant-espace.php -->\n\n\n<!-- START OF : Composant : block-periscope-theme-section-composant-two-columns.php -->\n<div class=\"espace \ud83d\ude80 mb-7 mb-lg-14\">\n\t<div class=\"container\">\n\t\t<div class=\"row\">\n\t\t\t<div class=\"col-lg-10 offset-lg-1\">\n\t\t\t\t<div class=\"two-columns row  overflow-hidden\">\n\t<div class=\"col-lg-6 order-last order-lg-first\" data-aos=\"fade-right\">\n\t\t\t\t<h2 class=\"h2 text-info\">Un environnement industriel unique<\/h2>\n\t\t\t\t\t\t<p>13 000 m2 d\u00e9di\u00e9s \u00e0 l\u2019industrie, sa richesse, sa modernit\u00e9 et sa diversit\u00e9.\r\nAu c\u0153ur du nouveau quartier de l\u2019innovation de l\u2019agglom\u00e9ration clermontoise, nous b\u00e9n\u00e9ficions d\u2019une implantation centrale exceptionnelle.\r\nCe choix est tout un symbole. Situ\u00e9 dans un ancien b\u00e2timent industriel, le centre de formation Hall 32 est la vitrine de l\u2019industrie du futur, sp\u00e9cialement r\u00e9habilit\u00e9 pour r\u00e9pondre \u00e0 nos quatre missions : informer, former, innover et connecter.\r\n<\/p>\n\t\t\t\t\t\t<a href=\"\/ecole\/formations\/rejoins-nous\/\" target=\"\" class=\"btn btn-dark\">Rejoins-nous !<\/a>\n\t\t\t<\/div>\n\t\t<div class=\"col-lg-6 mb-4 mb-lg-0\" data-aos=\"fade-left\">\n\t\t<picture class=\"d-block ratio ratio-1x1\">\n\t\t\t<img decoding=\"async\" src=\"https:\/\/www.hall32.fr\/ecole\/wp-content\/uploads\/sites\/2\/2023\/02\/un-environnement-industriel-unique.jpg\" width=\"443\" height=\"443\" alt=\"\" \/>\n\t\t<\/picture>\n\t\t<p class=\"pt-1 two-columns__legend image__legend\"><\/p>\n\t<\/div>\n\t<\/div>\t\t\t<\/div>\n\t\t<\/div>\n\t<\/div>\n<\/div>\n<!-- END OF : Composant : block-periscope-theme-section-composant-two-columns.php -->\n\n\n<!-- START OF : Composant : block-periscope-theme-section-composant-bloc-cta.php -->\n<div class=\"overflow-hidden\">\n\t\t<div class=\"row g-0 \">\n\t\t\t\t<div class=\"col-sm-6\">\n\t\t\t<div class=\"carre-img h-100\">\n\t<picture>\n\t\t<img decoding=\"async\" src=\"https:\/\/www.hall32.fr\/ecole\/wp-content\/uploads\/sites\/2\/2025\/10\/5L3A3827.jpg\" alt=\"imprimantes 3d FLSUN au fablab de hall 32\" width=\"443\" height=\"443\" alt=\"\" class=\"w-100 h-100 of-cover op-center\" loading=\"lazy\" \/>\n\t<\/picture>\n<\/div>\n\t\t<\/div>\n\t\t<div class=\"col-sm-6\">\n\t\t\t<div class=\"carre h-100 px-2 py-7 p-md-7 p-lg-14 h-100 text-start d-flex flex-column align-items-start justify-content-center bg-light\">\n\t<div data-aos=\"fade-left\">\n\t\t<h3 class=\"h2\">L\u2019innovation, guide de notre projet<\/h3>\n\t\t<p class=\"fs-18 fs-lg-20\">L\u2019innovation collaborative est au c\u0153ur du lieu : ouvert sur des espaces de d\u00e9couverte, de formations, de d\u00e9veloppement et de rencontres pour nos apprenants et plus largement pour tous nos publics.<br \/>\r\n<br \/>\r\nV\u00e9ritable Hub de l\u2019industrie en mouvement, nous sommes un lieu ouvert et d\u00e9cloisonn\u00e9 pour apprendre et se former aux m\u00e9tiers de l&rsquo;industrie dans les meilleures conditions.<br \/>\r\nCette ouverture \u00e0 l\u2019innovation et au partage facilite \u00e0 chaque moment de l\u2019ann\u00e9e le contact, les \u00e9changes, mais aussi l\u2019entraide et la solidarit\u00e9.<br \/>\r\n<\/p>\n\t\t\t<\/div>\n<\/div>\n\t\t<\/div>\n\t\t\t\t<\/div>\n<\/div>\n<!-- END OF : Composant : block-periscope-theme-section-composant-bloc-cta.php -->\n\n\n<!-- START OF : Composant : block-periscope-theme-section-composant-espace.php -->\n<div class=\"espace \ud83d\ude80 mb-7 mb-lg-14\"><\/div>\n<!-- END OF : Composant : block-periscope-theme-section-composant-espace.php -->\n\n\n<!-- START OF : Composant : block-periscope-theme-section-composant-intertitre.php -->\n\n<div class=\"espace \ud83d\ude80\" data-aos=\"fade-up\">\n\t<div class=\"container\">\n\t\t<h3 class=\"h3 text-danger\">Offrir le meilleur des technologies industrielles<\/h3>\n\t<\/div>\n<\/div>\n<!-- END OF : Composant : block-periscope-theme-section-composant-intertitre.php -->\n\n\n<div class=\"espace \ud83d\ude80 mb-7 mb-lg-7 \" data-aos=\"fade-up\">\n        <div class=\"container\">\n<p>Pour accompagner nos apprenant(e)s dans leur formation initiale aux m\u00e9tiers de l\u2019industrie, nous mettons \u00e0 leur disposition un ensemble de ressources exceptionnelles&nbsp;:<\/p>\n <\/div>\n        <\/div>\n\n<div class=\"espace \ud83d\ude80 mb-7 mb-lg-7 \" data-aos=\"fade-up\">\n        <div class=\"container\">\n<ul class=\"wp-block-list\">\n<li><strong>Un plateau technique de 3 000 m<sup>2<\/sup><\/strong>&nbsp;r\u00e9partis en ateliers d\u00e9di\u00e9s aux fondamentaux de l\u2019industrie&nbsp;: usinage, pilotage, maintenance, \u00e9lectricit\u00e9, soudure, pneumatique. Lieu d\u2019apprentissage technique, d\u2019exp\u00e9rimentation et de r\u00e9flexion sur les probl\u00e9matiques, sa place est centrale, car indispensable pour se former de mani\u00e8re pragmatique.<\/li>\n\n\n\n<li><strong>Un \u00ab&nbsp;Fab Lab&nbsp;\u00bb<\/strong>, lieu de fabrication partag\u00e9 pour r\u00e9aliser des projets transverses inter-classes et inter-\u00e9coles. Impression 3D, thermoformage, robotique, d\u00e9coupe et gravure laser, usinage&#8230; Cet espace est pens\u00e9 pour booster la cr\u00e9ativit\u00e9, provoquer l\u2019innovation et \u00e9veiller la curiosit\u00e9 des \u00e9l\u00e8ves.<\/li>\n\n\n\n<li><strong>Un amphith\u00e9\u00e2tre de 300 places<\/strong> pour accueillir des intervenants lors d\u2019\u00e9v\u00e9nements, mais aussi des moments avec l\u2019\u00e9quipe de Hall 32.&nbsp;<\/li>\n\n\n\n<li>Des <strong>espaces flexibles<\/strong> dans l\u2019ensemble du b\u00e2timent pour des \u00e9v\u00e9nements, des pr\u00e9sentations, des r\u00e9unions. Les solutions ne manquent pas.<\/li>\n\n\n\n<li><strong>Trois salles informatiques <\/strong>regroupent tous les ordinateurs \u00e0 disposition. La disposition de la salle est pens\u00e9e pour faciliter les \u00e9changes, le travail en groupe, mais permet \u00e9galement de travailler en autonomie.<\/li>\n<\/ul>\n <\/div>\n        <\/div>\n\n<!-- START OF : Composant : block-periscope-theme-section-composant-espace.php -->\n<div class=\"espace \ud83d\ude80 mb-7 mb-lg-14\"><\/div>\n<!-- END OF : Composant : block-periscope-theme-section-composant-espace.php -->\n\n\n<!-- START OF : Composant : block-periscope-theme-section-composant-two-columns.php -->\n<div class=\"espace \ud83d\ude80 mb-7 mb-lg-14\">\n\t<div class=\"container\">\n\t\t<div class=\"row\">\n\t\t\t<div class=\"col-lg-10 offset-lg-1\">\n\t\t\t\t<div class=\"two-columns row flex-row-reverse overflow-hidden\">\n\t<div class=\"col-lg-6 order-last order-lg-first\" data-aos=\"fade-right\">\n\t\t\t\t<h2 class=\"h2 \">Favoriser les interactions<\/h2>\n\t\t\t\t\t\t<p>Mixer les publics, les \u00e9l\u00e8ves, les entreprises, les formateurs : chez Hall 32, tout est fait pour susciter les vocations.\r\nTout au long de l\u2019ann\u00e9e, nous proposons des \u00e9v\u00e9nements pour que chacun ait acc\u00e8s \u00e0 notre \u00e9cosyst\u00e8me : des conf\u00e9rences et Meetups, pour d\u00e9couvrir des m\u00e9tiers ou des technologies, s\u2019ouvrir \u00e0 une probl\u00e9matique actuelle, ou tout simplement pour d\u00e9couvrir des parcours inspirants ; des \u00e9v\u00e9nements de networking pour d\u00e9crocher sa prochaine alternance ou pourquoi pas son premier emploi ; des challenge pour penser, fabriquer, innover et se d\u00e9passer, mais en \u00e9quipe pour partager les comp\u00e9tences et que chacun apprenne des autres.<\/p>\n\t\t\t\t\t\t<a href=\"https:\/\/www.hall32.fr\/ecole\/actus-et-agenda\/\" target=\"\" class=\"btn btn-dark\">JE D\u00c9COUVRE<\/a>\n\t\t\t<\/div>\n\t\t<div class=\"col-lg-6 mb-4 mb-lg-0\" data-aos=\"fade-left\">\n\t\t<picture class=\"d-block ratio ratio-1x1\">\n\t\t\t<img decoding=\"async\" src=\"https:\/\/www.hall32.fr\/ecole\/wp-content\/uploads\/sites\/2\/2025\/10\/5L3A6993.jpg\" width=\"443\" height=\"443\" alt=\"\" \/>\n\t\t<\/picture>\n\t\t<p class=\"pt-1 two-columns__legend image__legend\"><\/p>\n\t<\/div>\n\t<\/div>\t\t\t<\/div>\n\t\t<\/div>\n\t<\/div>\n<\/div>\n<!-- END OF : Composant : block-periscope-theme-section-composant-two-columns.php -->\n","protected":false},"excerpt":{"rendered":"<p>Un environnement tourn\u00e9 vers l\u2019excellence des m\u00e9tiers de l\u2019industrie<\/p>\n","protected":false},"author":1,"featured_media":0,"parent":620,"menu_order":2,"comment_status":"closed","ping_status":"closed","template":"","meta":{"_acf_changed":false,"footnotes":""},"class_list":["post-156","page","type-page","status-publish","hentry"],"acf":[],"yoast_head":"<!-- This site is optimized with the Yoast SEO plugin v25.9 - https:\/\/yoast.com\/wordpress\/plugins\/seo\/ -->\n<title>Formations initiales aux m\u00e9tiers de l\u2019industrie - Hall 32<\/title>\n<meta name=\"description\" content=\"Hall 32 propose des formations d\u2019excellence dipl\u00f4mantes de Bac Pro \u00e0 Bac+2 dans une structure d\u2019accueil originale et in\u00e9dite, \u00e0 destination de jeunes en formation initiale.\" \/>\n<meta name=\"robots\" content=\"index, follow, max-snippet:-1, max-image-preview:large, max-video-preview:-1\" \/>\n<link rel=\"canonical\" href=\"https:\/\/www.hall32.fr\/ecole\/a-propos\/se-former-a-hall32\/\" \/>\n<meta property=\"og:locale\" content=\"fr_FR\" \/>\n<meta property=\"og:type\" content=\"article\" \/>\n<meta property=\"og:title\" content=\"Formations initiales aux m\u00e9tiers de l\u2019industrie - Hall 32\" \/>\n<meta property=\"og:description\" content=\"Hall 32 propose des formations d\u2019excellence dipl\u00f4mantes de Bac Pro \u00e0 Bac+2 dans une structure d\u2019accueil originale et in\u00e9dite, \u00e0 destination de jeunes en formation initiale.\" \/>\n<meta property=\"og:url\" content=\"https:\/\/www.hall32.fr\/ecole\/a-propos\/se-former-a-hall32\/\" \/>\n<meta property=\"og:site_name\" content=\"Ecole\" \/>\n<meta property=\"article:modified_time\" content=\"2025-10-14T07:55:48+00:00\" \/>\n<meta name=\"twitter:card\" content=\"summary_large_image\" \/>\n<meta name=\"twitter:label1\" content=\"Dur\u00e9e de lecture estim\u00e9e\" \/>\n\t<meta name=\"twitter:data1\" content=\"1 minute\" \/>\n<script type=\"application\/ld+json\" class=\"yoast-schema-graph\">{\"@context\":\"https:\/\/schema.org\",\"@graph\":[{\"@type\":\"WebPage\",\"@id\":\"https:\/\/www.hall32.fr\/ecole\/a-propos\/se-former-a-hall32\/\",\"url\":\"https:\/\/www.hall32.fr\/ecole\/a-propos\/se-former-a-hall32\/\",\"name\":\"Formations initiales aux m\u00e9tiers de l\u2019industrie - Hall 32\",\"isPartOf\":{\"@id\":\"https:\/\/www.hall32.fr\/ecole\/#website\"},\"datePublished\":\"2023-01-03T10:34:08+00:00\",\"dateModified\":\"2025-10-14T07:55:48+00:00\",\"description\":\"Hall 32 propose des formations d\u2019excellence dipl\u00f4mantes de Bac Pro \u00e0 Bac+2 dans une structure d\u2019accueil originale et in\u00e9dite, \u00e0 destination de jeunes en formation initiale.\",\"breadcrumb\":{\"@id\":\"https:\/\/www.hall32.fr\/ecole\/a-propos\/se-former-a-hall32\/#breadcrumb\"},\"inLanguage\":\"fr-FR\",\"potentialAction\":[{\"@type\":\"ReadAction\",\"target\":[\"https:\/\/www.hall32.fr\/ecole\/a-propos\/se-former-a-hall32\/\"]}]},{\"@type\":\"BreadcrumbList\",\"@id\":\"https:\/\/www.hall32.fr\/ecole\/a-propos\/se-former-a-hall32\/#breadcrumb\",\"itemListElement\":[{\"@type\":\"ListItem\",\"position\":1,\"name\":\"Accueil\",\"item\":\"https:\/\/www.hall32.fr\/ecole\/\"},{\"@type\":\"ListItem\",\"position\":2,\"name\":\"A propos\",\"item\":\"https:\/\/www.hall32.fr\/ecole\/a-propos\/\"},{\"@type\":\"ListItem\",\"position\":3,\"name\":\"Se former \u00e0 Hall 32\"}]},{\"@type\":\"WebSite\",\"@id\":\"https:\/\/www.hall32.fr\/ecole\/#website\",\"url\":\"https:\/\/www.hall32.fr\/ecole\/\",\"name\":\"Ecole\",\"description\":\"\",\"potentialAction\":[{\"@type\":\"SearchAction\",\"target\":{\"@type\":\"EntryPoint\",\"urlTemplate\":\"https:\/\/www.hall32.fr\/ecole\/?s={search_term_string}\"},\"query-input\":{\"@type\":\"PropertyValueSpecification\",\"valueRequired\":true,\"valueName\":\"search_term_string\"}}],\"inLanguage\":\"fr-FR\"}]}<\/script>\n<!-- \/ Yoast SEO plugin. -->","yoast_head_json":{"title":"Formations initiales aux m\u00e9tiers de l\u2019industrie - Hall 32","description":"Hall 32 propose des formations d\u2019excellence dipl\u00f4mantes de Bac Pro \u00e0 Bac+2 dans une structure d\u2019accueil originale et in\u00e9dite, \u00e0 destination de jeunes en formation initiale.","robots":{"index":"index","follow":"follow","max-snippet":"max-snippet:-1","max-image-preview":"max-image-preview:large","max-video-preview":"max-video-preview:-1"},"canonical":"https:\/\/www.hall32.fr\/ecole\/a-propos\/se-former-a-hall32\/","og_locale":"fr_FR","og_type":"article","og_title":"Formations initiales aux m\u00e9tiers de l\u2019industrie - Hall 32","og_description":"Hall 32 propose des formations d\u2019excellence dipl\u00f4mantes de Bac Pro \u00e0 Bac+2 dans une structure d\u2019accueil originale et in\u00e9dite, \u00e0 destination de jeunes en formation initiale.","og_url":"https:\/\/www.hall32.fr\/ecole\/a-propos\/se-former-a-hall32\/","og_site_name":"Ecole","article_modified_time":"2025-10-14T07:55:48+00:00","twitter_card":"summary_large_image","twitter_misc":{"Dur\u00e9e de lecture estim\u00e9e":"1 minute"},"schema":{"@context":"https:\/\/schema.org","@graph":[{"@type":"WebPage","@id":"https:\/\/www.hall32.fr\/ecole\/a-propos\/se-former-a-hall32\/","url":"https:\/\/www.hall32.fr\/ecole\/a-propos\/se-former-a-hall32\/","name":"Formations initiales aux m\u00e9tiers de l\u2019industrie - Hall 32","isPartOf":{"@id":"https:\/\/www.hall32.fr\/ecole\/#website"},"datePublished":"2023-01-03T10:34:08+00:00","dateModified":"2025-10-14T07:55:48+00:00","description":"Hall 32 propose des formations d\u2019excellence dipl\u00f4mantes de Bac Pro \u00e0 Bac+2 dans une structure d\u2019accueil originale et in\u00e9dite, \u00e0 destination de jeunes en formation initiale.","breadcrumb":{"@id":"https:\/\/www.hall32.fr\/ecole\/a-propos\/se-former-a-hall32\/#breadcrumb"},"inLanguage":"fr-FR","potentialAction":[{"@type":"ReadAction","target":["https:\/\/www.hall32.fr\/ecole\/a-propos\/se-former-a-hall32\/"]}]},{"@type":"BreadcrumbList","@id":"https:\/\/www.hall32.fr\/ecole\/a-propos\/se-former-a-hall32\/#breadcrumb","itemListElement":[{"@type":"ListItem","position":1,"name":"Accueil","item":"https:\/\/www.hall32.fr\/ecole\/"},{"@type":"ListItem","position":2,"name":"A propos","item":"https:\/\/www.hall32.fr\/ecole\/a-propos\/"},{"@type":"ListItem","position":3,"name":"Se former \u00e0 Hall 32"}]},{"@type":"WebSite","@id":"https:\/\/www.hall32.fr\/ecole\/#website","url":"https:\/\/www.hall32.fr\/ecole\/","name":"Ecole","description":"","potentialAction":[{"@type":"SearchAction","target":{"@type":"EntryPoint","urlTemplate":"https:\/\/www.hall32.fr\/ecole\/?s={search_term_string}"},"query-input":{"@type":"PropertyValueSpecification","valueRequired":true,"valueName":"search_term_string"}}],"inLanguage":"fr-FR"}]}},"_links":{"self":[{"href":"https:\/\/www.hall32.fr\/ecole\/wp-json\/wp\/v2\/pages\/156","targetHints":{"allow":["GET"]}}],"collection":[{"href":"https:\/\/www.hall32.fr\/ecole\/wp-json\/wp\/v2\/pages"}],"about":[{"href":"https:\/\/www.hall32.fr\/ecole\/wp-json\/wp\/v2\/types\/page"}],"author":[{"embeddable":true,"href":"https:\/\/www.hall32.fr\/ecole\/wp-json\/wp\/v2\/users\/1"}],"replies":[{"embeddable":true,"href":"https:\/\/www.hall32.fr\/ecole\/wp-json\/wp\/v2\/comments?post=156"}],"version-history":[{"count":3,"href":"https:\/\/www.hall32.fr\/ecole\/wp-json\/wp\/v2\/pages\/156\/revisions"}],"predecessor-version":[{"id":4261,"href":"https:\/\/www.hall32.fr\/ecole\/wp-json\/wp\/v2\/pages\/156\/revisions\/4261"}],"up":[{"embeddable":true,"href":"https:\/\/www.hall32.fr\/ecole\/wp-json\/wp\/v2\/pages\/620"}],"wp:attachment":[{"href":"https:\/\/www.hall32.fr\/ecole\/wp-json\/wp\/v2\/media?parent=156"}],"curies":[{"name":"wp","href":"https:\/\/api.w.org\/{rel}","templated":true}]}}