{"id":2021,"date":"2023-01-24T23:25:25","date_gmt":"2023-01-24T22:25:25","guid":{"rendered":"https:\/\/www.hall32.fr\/ecole\/?page_id=2021"},"modified":"2025-10-14T10:44:52","modified_gmt":"2025-10-14T08:44:52","slug":"etudier-en-alternance","status":"publish","type":"page","link":"https:\/\/www.hall32.fr\/ecole\/formations\/etudier-en-alternance\/","title":{"rendered":"Etudier en alternance"},"content":{"rendered":"<!-- START OF : Composant : block-periscope-theme-section-composant-espace.php -->\n<div class=\"espace \ud83d\ude80 mb-7 mb-lg-14\"><\/div>\n<!-- END OF : Composant : block-periscope-theme-section-composant-espace.php -->\n\n\n<!-- START OF : Composant : block-periscope-theme-section-composant-two-columns.php -->\n<div class=\"espace \ud83d\ude80 mb-7 mb-lg-14\">\n\t<div class=\"container\">\n\t\t<div class=\"row\">\n\t\t\t<div class=\"col-lg-10 offset-lg-1\">\n\t\t\t\t<div class=\"two-columns row  overflow-hidden\">\n\t<div class=\"col-lg-6 order-last order-lg-first\" data-aos=\"fade-right\">\n\t\t\t\t<h2 class=\"h2 \">Qu\u2019est-ce que l\u2019alternance ? <\/h2>\n\t\t\t\t\t\t<p>La formation en alternance est un dispositif de formation combinant deux modalit\u00e9s \u00e0 partir de l\u2019ann\u00e9e de Premi\u00e8re\u00a0: un temps de formation \u00e0 Hall 32 et un temps d&#039;alternance en entreprise.\u00a0\r\nPendant votre temps de pr\u00e9sence \u00e0 l&#039;\u00e9cole Hall 32, vous d\u00e9velopperez des comp\u00e9tences th\u00e9oriques et pratiques. Les \u00e9quipements p\u00e9dagogiques disponibles sur notre plateau technique vous permettront en effet de vous former dans les conditions r\u00e9elles du m\u00e9tier.\u00a0\r\nLorsque vous serez en entreprise, vous serez form\u00e9 par un tuteur qui vous transmettra les connaissances propres \u00e0 son m\u00e9tier et son savoir-faire.\u00a0<\/p>\n\t\t\t\t\t<\/div>\n\t\t<div class=\"col-lg-6 mb-4 mb-lg-0\" data-aos=\"fade-left\">\n\t\t<picture class=\"d-block ratio ratio-1x1\">\n\t\t\t<img decoding=\"async\" src=\"https:\/\/www.hall32.fr\/ecole\/wp-content\/uploads\/sites\/2\/2025\/10\/5N5A9776.jpg\" width=\"443\" height=\"443\" alt=\"\" \/>\n\t\t<\/picture>\n\t\t<p class=\"pt-1 two-columns__legend image__legend\"><\/p>\n\t<\/div>\n\t<\/div>\t\t\t<\/div>\n\t\t<\/div>\n\t<\/div>\n<\/div>\n<!-- END OF : Composant : block-periscope-theme-section-composant-two-columns.php -->\n\n\n<!-- START OF : Composant : block-periscope-theme-section-composant-two-columns.php -->\n<div class=\"espace \ud83d\ude80 mb-7 mb-lg-14\">\n\t<div class=\"container\">\n\t\t<div class=\"row\">\n\t\t\t<div class=\"col-lg-10 offset-lg-1\">\n\t\t\t\t<div class=\"two-columns row flex-row-reverse overflow-hidden\">\n\t<div class=\"col-lg-6 order-last order-lg-first\" data-aos=\"fade-right\">\n\t\t\t\t<h2 class=\"h2 \">Quels sont les avantages de l\u2019alternance ?<\/h2>\n\t\t\t\t\t\t<p>Il existe de nombreux avantages \u00e0 se former en alternance. Le premier et pas des moindres est que l\u2019exp\u00e9rience professionnelle et la mont\u00e9e en comp\u00e9tences que vous gagnerez seront un v\u00e9ritable atout \u00e0 votre employabilit\u00e9.\u00a0\r\nVous b\u00e9n\u00e9ficierez \u00e9galement des avantages d\u2019un salari\u00e9\u00a0: r\u00e9mun\u00e9ration, cong\u00e9s pay\u00e9s, cotisation retraite\u2026\r\nEn fonction de la convention collective de l\u2019entreprise qui vous accueille, d\u2019autres avantages salariaux peuvent vous \u00eatre allou\u00e9s\u00a0: primes, cong\u00e9s suppl\u00e9mentaires, tickets restaurant\u2026<\/p>\n\t\t\t\t\t<\/div>\n\t\t<div class=\"col-lg-6 mb-4 mb-lg-0\" data-aos=\"fade-left\">\n\t\t<picture class=\"d-block ratio ratio-1x1\">\n\t\t\t<img decoding=\"async\" src=\"https:\/\/www.hall32.fr\/ecole\/wp-content\/uploads\/sites\/2\/2025\/10\/5L3A0039.jpg\" width=\"443\" height=\"443\" alt=\"\" \/>\n\t\t<\/picture>\n\t\t<p class=\"pt-1 two-columns__legend image__legend\"><\/p>\n\t<\/div>\n\t<\/div>\t\t\t<\/div>\n\t\t<\/div>\n\t<\/div>\n<\/div>\n<!-- END OF : Composant : block-periscope-theme-section-composant-two-columns.php -->\n\n\n<!-- START OF : Composant : block-periscope-theme-section-composant-intertitre.php -->\n\n<div class=\"espace \ud83d\ude80\" data-aos=\"fade-up\">\n\t<div class=\"container\">\n\t\t<h2 class=\"h2 \">Quels sont les r\u00f4les et obligations des acteurs de l\u2019alternance ? <\/h2>\n\t<\/div>\n<\/div>\n<!-- END OF : Composant : block-periscope-theme-section-composant-intertitre.php -->\n\n\n<div class=\"espace \ud83d\ude80 mb-7 mb-lg-7 \" data-aos=\"fade-up\">\n        <div class=\"container\">\n<p>S\u2019engager dans une formation en alternance implique une relation tripartite&nbsp;entre l\u2019alternant, le tuteur entreprise et le CFA Hall 32.<br>Chacune des parties a donc des obligations.&nbsp;<\/p>\n <\/div>\n        <\/div>\n\n<!-- START OF : Composant : block-periscope-theme-section-composant-bloc-cta.php -->\n<div class=\"overflow-hidden\">\n\t\t<div class=\"row g-0 flex-row-reverse\">\n\t\t\t\t<div class=\"col-sm-6\">\n\t\t\t<div class=\"carre-img h-100\">\n\t<picture>\n\t\t<img decoding=\"async\" src=\"https:\/\/www.hall32.fr\/ecole\/wp-content\/uploads\/sites\/2\/2025\/10\/5L3A0109.jpg\" alt=\"Apprenants en bac pro \u00e0 hall 32 avec un formateur en pilotage de ligne\" width=\"443\" height=\"443\" alt=\"\" class=\"w-100 h-100 of-cover op-center\" loading=\"lazy\" \/>\n\t<\/picture>\n<\/div>\n\t\t<\/div>\n\t\t<div class=\"col-sm-6\">\n\t\t\t<div class=\"carre h-100 px-2 py-7 p-md-7 p-lg-14 h-100 text-start d-flex flex-column align-items-start justify-content-center bg-light\">\n\t<div data-aos=\"fade-left\">\n\t\t<h3 class=\"h2\">Le tuteur en entreprise doit\u00a0:<\/h3>\n\t\t<p class=\"fs-18 fs-lg-20\">\u2022 S\u2019investir dans la formation de son apprenti\u00a0<br \/>\r\n\u2022 Organiser son temps de travail<br \/>\r\n\u2022 Garantir sa sant\u00e9 et sa s\u00e9curit\u00e9\u00a0<br \/>\r\n\u2022 Encourager une attitude responsable et citoyenne<br \/>\r\n\u2022 Assurer le suivi de la formation<br \/>\r\n\u2022 Evaluer ses comp\u00e9tences\u00a0<br \/>\r\n\u2022 Accompagner son projet professionnel<\/p>\n\t\t\t<\/div>\n<\/div>\n\t\t<\/div>\n\t\t\t\t<\/div>\n<\/div>\n<!-- END OF : Composant : block-periscope-theme-section-composant-bloc-cta.php -->\n\n\n<!-- START OF : Composant : block-periscope-theme-section-composant-bloc-cta.php -->\n<div class=\"overflow-hidden\">\n\t\t<div class=\"row g-0 \">\n\t\t\t\t<div class=\"col-sm-6\">\n\t\t\t<div class=\"carre-img h-100\">\n\t<picture>\n\t\t<img decoding=\"async\" src=\"https:\/\/www.hall32.fr\/ecole\/wp-content\/uploads\/sites\/2\/2025\/10\/5L3A9978.jpg\" alt=\"Apprenants en maintenance sur le plateau technique de hall 32\" width=\"443\" height=\"443\" alt=\"\" class=\"w-100 h-100 of-cover op-center\" loading=\"lazy\" \/>\n\t<\/picture>\n<\/div>\n\t\t<\/div>\n\t\t<div class=\"col-sm-6\">\n\t\t\t<div class=\"carre h-100 px-2 py-7 p-md-7 p-lg-14 h-100 text-start d-flex flex-column align-items-start justify-content-center bg-primary\">\n\t<div data-aos=\"fade-left\">\n\t\t<h3 class=\"h2\">Nous demandons \u00e0 l\u2019apprenti de :  <\/h3>\n\t\t<p class=\"fs-18 fs-lg-20\">\u2022 S\u2019investir dans son parcours professionnel<br \/>\r\n\u2022 Se conformer aux exigences professionnelles<br \/>\r\n\u2022 Adopter une attitude responsable et professionnelle<br \/>\r\n\u2022 Evaluer ses progr\u00e8s<br \/>\r\n\u2022 D\u00e9terminer la suite de son projet professionnel<\/p>\n\t\t\t<\/div>\n<\/div>\n\t\t<\/div>\n\t\t\t\t<\/div>\n<\/div>\n<!-- END OF : Composant : block-periscope-theme-section-composant-bloc-cta.php -->\n\n\n<!-- START OF : Composant : block-periscope-theme-section-composant-bloc-cta.php -->\n<div class=\"overflow-hidden\">\n\t\t<div class=\"row g-0 flex-row-reverse\">\n\t\t\t\t<div class=\"col-sm-6\">\n\t\t\t<div class=\"carre-img h-100\">\n\t<picture>\n\t\t<img decoding=\"async\" src=\"https:\/\/www.hall32.fr\/ecole\/wp-content\/uploads\/sites\/2\/2025\/10\/5L3A0018.jpg\" alt=\"Apprenants en bac pro \u00e0 hall 32 avec un formateur en usinage\" width=\"443\" height=\"443\" alt=\"\" class=\"w-100 h-100 of-cover op-center\" loading=\"lazy\" \/>\n\t<\/picture>\n<\/div>\n\t\t<\/div>\n\t\t<div class=\"col-sm-6\">\n\t\t\t<div class=\"carre h-100 px-2 py-7 p-md-7 p-lg-14 h-100 text-start d-flex flex-column align-items-start justify-content-center bg-light\">\n\t<div data-aos=\"fade-left\">\n\t\t<h3 class=\"h2\">A Hall 32, nous nous engageons \u00e0\u00a0:<\/h3>\n\t\t<p class=\"fs-18 fs-lg-20\">\u2022 Organiser l\u2019int\u00e9gration de l\u2019apprenti<br \/>\r\n\u2022 Construire le parcours d\u2019apprentissage<br \/>\r\n\u2022 Favoriser les conditions de sa r\u00e9ussite<br \/>\r\n\u2022 D\u00e9velopper ses comp\u00e9tences en sant\u00e9 et en s\u00e9curit\u00e9<br \/>\r\n\u2022 Evaluer ses progr\u00e8s\u00a0<br \/>\r\n\u2022 Accompagner vers la citoyennet\u00e9<br \/>\r\n\u2022 Assurer son suivi personnalis\u00e9\u00a0<br \/>\r\n\u2022 Garantir des \u00e9changes r\u00e9guliers<\/p>\n\t\t\t<\/div>\n<\/div>\n\t\t<\/div>\n\t\t\t\t<\/div>\n<\/div>\n<!-- END OF : Composant : block-periscope-theme-section-composant-bloc-cta.php -->\n\n\n<!-- START OF : Composant : block-periscope-theme-section-composant-espace.php -->\n<div class=\"espace \ud83d\ude80 mb-7 mb-lg-14\"><\/div>\n<!-- END OF : Composant : block-periscope-theme-section-composant-espace.php -->\n\n\n<!-- START OF : Composant : block-periscope-theme-section-composant-video.php -->\n<div class=\"espace \ud83d\ude80 mb-7 mb-lg-14\" data-aos=\"fade-up\">\n\t<div class=\"container\">\n        <p class=\"cookieconsent-optout-marketing\">\n            Veuillez \n            <a href=\"javascript:Cookiebot.renew()\">\n            accepter les cookies Marketing<\/a> pour voir cette vid\u00e9o.\t\t\t\n        <\/p>\n        <div class=\"ratio ratio-16x9\">\n            <div class=\"container\"><iframe width=\"100%\" height=\"100%\" data-src=\"https:\/\/www.youtube-nocookie.com\/embed\/DQL0CJ6DHQ8?controls=0\" title=\"YouTube video player\" data-cookieconsent=\"marketing\" frameborder=\"0\" allow=\"accelerometer; autoplay; clipboard-write; encrypted-media; gyroscope; picture-in-picture\" allowfullscreen><\/iframe><\/div>\n        <\/div>\n            <\/div>\n<\/div>\n<!-- END OF : Composant : block-periscope-theme-section-composant-video.php -->\n\n\n<!-- START OF : Composant : block-periscope-theme-section-composant-intertitre.php -->\n\n<div class=\"espace \ud83d\ude80\" data-aos=\"fade-up\">\n\t<div class=\"container\">\n\t\t<h2 class=\"h2 \">Comment trouver une entreprise ?<\/h2>\n\t<\/div>\n<\/div>\n<!-- END OF : Composant : block-periscope-theme-section-composant-intertitre.php -->\n\n\n<div class=\"espace \ud83d\ude80 mb-7 mb-lg-7 \" data-aos=\"fade-up\">\n        <div class=\"container\">\n<p>Nos formateurs s\u2019engagent \u00e0 vous accompagner dans la r\u00e9daction de votre CV et votre lettre de motivation ainsi qu\u2019\u00e0 vous coacher \u00e0 participer \u00e0 des entretiens professionnels. Ainsi vous serez pr\u00e9par\u00e9 au mieux \u00e0 trouver une entreprise o\u00f9 r\u00e9aliser votre alternance.<\/p>\n <\/div>\n        <\/div>\n\n<!-- START OF : Composant : block-periscope-theme-section-composant-espace.php -->\n<div class=\"espace \ud83d\ude80 mb-7 mb-lg-14\"><\/div>\n<!-- END OF : Composant : block-periscope-theme-section-composant-espace.php -->\n\n\n<!-- START OF : Composant : block-periscope-theme-section-composant-bloc-cta.php -->\n<div class=\"overflow-hidden\">\n\t\t<div class=\"row g-0 \">\n\t\t\t\t<div class=\"col-sm-6\">\n\t\t\t<div class=\"carre-img h-100\">\n\t<picture>\n\t\t<img decoding=\"async\" src=\"https:\/\/www.hall32.fr\/ecole\/wp-content\/uploads\/sites\/2\/2025\/10\/5L3A0060.jpg\" alt=\"Apprenants en bac pro \u00e0 hall 32 avec un formateur en \u00e9lectricit\u00e9\" width=\"443\" height=\"443\" alt=\"\" class=\"w-100 h-100 of-cover op-center\" loading=\"lazy\" \/>\n\t<\/picture>\n<\/div>\n\t\t<\/div>\n\t\t<div class=\"col-sm-6\">\n\t\t\t<div class=\"carre h-100 px-2 py-7 p-md-7 p-lg-14 h-100 text-start d-flex flex-column align-items-start justify-content-center bg-primary\">\n\t<div data-aos=\"fade-left\">\n\t\t<h3 class=\"h2\">Comment candidater \u00e0 une formation en alternance chez Hall 32 ?<\/h3>\n\t\t<p class=\"fs-18 fs-lg-20\">Trouvez toutes les \u00e9tapes pour compl\u00e9ter votre candidature sur notre page d\u00e9di\u00e9e !<\/p>\n\t\t\t\t<a href=\"\/ecole\/nous-contacter\/candidature-hall-32\/\" title=\"Candidater\" target=\"\" class=\"btn btn-dark\" data-gtm=\"\" data-name=\"\">Candidater<\/a>\n\t\t\t<\/div>\n<\/div>\n\t\t<\/div>\n\t\t\t\t<\/div>\n<\/div>\n<!-- END OF : Composant : block-periscope-theme-section-composant-bloc-cta.php -->\n\n\n<!-- START OF : Composant : block-periscope-theme-section-composant-espace.php -->\n<div class=\"espace \ud83d\ude80 mb-7 mb-lg-14\"><\/div>\n<!-- END OF : Composant : block-periscope-theme-section-composant-espace.php -->\n","protected":false},"excerpt":{"rendered":"<p>Se former \u00e0 un m\u00e9tier et s&rsquo;int\u00e9grer plus facilement dans la vie et \u00e0 la culture d&rsquo;entreprise industrielle<\/p>\n","protected":false},"author":9,"featured_media":0,"parent":15,"menu_order":5,"comment_status":"closed","ping_status":"closed","template":"","meta":{"_acf_changed":false,"footnotes":""},"class_list":["post-2021","page","type-page","status-publish","hentry"],"acf":[],"yoast_head":"<!-- This site is optimized with the Yoast SEO plugin v25.9 - https:\/\/yoast.com\/wordpress\/plugins\/seo\/ -->\n<title>Etudier en alternance - Ecole<\/title>\n<meta name=\"description\" content=\"Le centre de formation Hall 32 permet de se former \u00e0 un m\u00e9tier et de s&#039;int\u00e9grer plus facilement dans la vie et \u00e0 la culture d&#039;entreprise dans l\u2019industrie gr\u00e2ce \u00e0 l\u2019alternance.\" \/>\n<meta name=\"robots\" content=\"index, follow, max-snippet:-1, max-image-preview:large, max-video-preview:-1\" \/>\n<link rel=\"canonical\" href=\"https:\/\/www.hall32.fr\/ecole\/formations\/etudier-en-alternance\/\" \/>\n<meta property=\"og:locale\" content=\"fr_FR\" \/>\n<meta property=\"og:type\" content=\"article\" \/>\n<meta property=\"og:title\" content=\"Etudier en alternance - Ecole\" \/>\n<meta property=\"og:description\" content=\"Le centre de formation Hall 32 permet de se former \u00e0 un m\u00e9tier et de s&#039;int\u00e9grer plus facilement dans la vie et \u00e0 la culture d&#039;entreprise dans l\u2019industrie gr\u00e2ce \u00e0 l\u2019alternance.\" \/>\n<meta property=\"og:url\" content=\"https:\/\/www.hall32.fr\/ecole\/formations\/etudier-en-alternance\/\" \/>\n<meta property=\"og:site_name\" content=\"Ecole\" \/>\n<meta property=\"article:modified_time\" content=\"2025-10-14T08:44:52+00:00\" \/>\n<meta name=\"twitter:card\" content=\"summary_large_image\" \/>\n<meta name=\"twitter:label1\" content=\"Dur\u00e9e de lecture estim\u00e9e\" \/>\n\t<meta name=\"twitter:data1\" content=\"1 minute\" \/>\n<script type=\"application\/ld+json\" class=\"yoast-schema-graph\">{\"@context\":\"https:\/\/schema.org\",\"@graph\":[{\"@type\":\"WebPage\",\"@id\":\"https:\/\/www.hall32.fr\/ecole\/formations\/etudier-en-alternance\/\",\"url\":\"https:\/\/www.hall32.fr\/ecole\/formations\/etudier-en-alternance\/\",\"name\":\"Etudier en alternance - Ecole\",\"isPartOf\":{\"@id\":\"https:\/\/www.hall32.fr\/ecole\/#website\"},\"datePublished\":\"2023-01-24T22:25:25+00:00\",\"dateModified\":\"2025-10-14T08:44:52+00:00\",\"description\":\"Le centre de formation Hall 32 permet de se former \u00e0 un m\u00e9tier et de s'int\u00e9grer plus facilement dans la vie et \u00e0 la culture d'entreprise dans l\u2019industrie gr\u00e2ce \u00e0 l\u2019alternance.\",\"breadcrumb\":{\"@id\":\"https:\/\/www.hall32.fr\/ecole\/formations\/etudier-en-alternance\/#breadcrumb\"},\"inLanguage\":\"fr-FR\",\"potentialAction\":[{\"@type\":\"ReadAction\",\"target\":[\"https:\/\/www.hall32.fr\/ecole\/formations\/etudier-en-alternance\/\"]}]},{\"@type\":\"BreadcrumbList\",\"@id\":\"https:\/\/www.hall32.fr\/ecole\/formations\/etudier-en-alternance\/#breadcrumb\",\"itemListElement\":[{\"@type\":\"ListItem\",\"position\":1,\"name\":\"Accueil\",\"item\":\"https:\/\/www.hall32.fr\/ecole\/\"},{\"@type\":\"ListItem\",\"position\":2,\"name\":\"Nos formations\",\"item\":\"https:\/\/www.hall32.fr\/ecole\/formations\/\"},{\"@type\":\"ListItem\",\"position\":3,\"name\":\"Etudier en alternance\"}]},{\"@type\":\"WebSite\",\"@id\":\"https:\/\/www.hall32.fr\/ecole\/#website\",\"url\":\"https:\/\/www.hall32.fr\/ecole\/\",\"name\":\"Ecole\",\"description\":\"\",\"potentialAction\":[{\"@type\":\"SearchAction\",\"target\":{\"@type\":\"EntryPoint\",\"urlTemplate\":\"https:\/\/www.hall32.fr\/ecole\/?s={search_term_string}\"},\"query-input\":{\"@type\":\"PropertyValueSpecification\",\"valueRequired\":true,\"valueName\":\"search_term_string\"}}],\"inLanguage\":\"fr-FR\"}]}<\/script>\n<!-- \/ Yoast SEO plugin. -->","yoast_head_json":{"title":"Etudier en alternance - Ecole","description":"Le centre de formation Hall 32 permet de se former \u00e0 un m\u00e9tier et de s'int\u00e9grer plus facilement dans la vie et \u00e0 la culture d'entreprise dans l\u2019industrie gr\u00e2ce \u00e0 l\u2019alternance.","robots":{"index":"index","follow":"follow","max-snippet":"max-snippet:-1","max-image-preview":"max-image-preview:large","max-video-preview":"max-video-preview:-1"},"canonical":"https:\/\/www.hall32.fr\/ecole\/formations\/etudier-en-alternance\/","og_locale":"fr_FR","og_type":"article","og_title":"Etudier en alternance - Ecole","og_description":"Le centre de formation Hall 32 permet de se former \u00e0 un m\u00e9tier et de s'int\u00e9grer plus facilement dans la vie et \u00e0 la culture d'entreprise dans l\u2019industrie gr\u00e2ce \u00e0 l\u2019alternance.","og_url":"https:\/\/www.hall32.fr\/ecole\/formations\/etudier-en-alternance\/","og_site_name":"Ecole","article_modified_time":"2025-10-14T08:44:52+00:00","twitter_card":"summary_large_image","twitter_misc":{"Dur\u00e9e de lecture estim\u00e9e":"1 minute"},"schema":{"@context":"https:\/\/schema.org","@graph":[{"@type":"WebPage","@id":"https:\/\/www.hall32.fr\/ecole\/formations\/etudier-en-alternance\/","url":"https:\/\/www.hall32.fr\/ecole\/formations\/etudier-en-alternance\/","name":"Etudier en alternance - Ecole","isPartOf":{"@id":"https:\/\/www.hall32.fr\/ecole\/#website"},"datePublished":"2023-01-24T22:25:25+00:00","dateModified":"2025-10-14T08:44:52+00:00","description":"Le centre de formation Hall 32 permet de se former \u00e0 un m\u00e9tier et de s'int\u00e9grer plus facilement dans la vie et \u00e0 la culture d'entreprise dans l\u2019industrie gr\u00e2ce \u00e0 l\u2019alternance.","breadcrumb":{"@id":"https:\/\/www.hall32.fr\/ecole\/formations\/etudier-en-alternance\/#breadcrumb"},"inLanguage":"fr-FR","potentialAction":[{"@type":"ReadAction","target":["https:\/\/www.hall32.fr\/ecole\/formations\/etudier-en-alternance\/"]}]},{"@type":"BreadcrumbList","@id":"https:\/\/www.hall32.fr\/ecole\/formations\/etudier-en-alternance\/#breadcrumb","itemListElement":[{"@type":"ListItem","position":1,"name":"Accueil","item":"https:\/\/www.hall32.fr\/ecole\/"},{"@type":"ListItem","position":2,"name":"Nos formations","item":"https:\/\/www.hall32.fr\/ecole\/formations\/"},{"@type":"ListItem","position":3,"name":"Etudier en alternance"}]},{"@type":"WebSite","@id":"https:\/\/www.hall32.fr\/ecole\/#website","url":"https:\/\/www.hall32.fr\/ecole\/","name":"Ecole","description":"","potentialAction":[{"@type":"SearchAction","target":{"@type":"EntryPoint","urlTemplate":"https:\/\/www.hall32.fr\/ecole\/?s={search_term_string}"},"query-input":{"@type":"PropertyValueSpecification","valueRequired":true,"valueName":"search_term_string"}}],"inLanguage":"fr-FR"}]}},"_links":{"self":[{"href":"https:\/\/www.hall32.fr\/ecole\/wp-json\/wp\/v2\/pages\/2021","targetHints":{"allow":["GET"]}}],"collection":[{"href":"https:\/\/www.hall32.fr\/ecole\/wp-json\/wp\/v2\/pages"}],"about":[{"href":"https:\/\/www.hall32.fr\/ecole\/wp-json\/wp\/v2\/types\/page"}],"author":[{"embeddable":true,"href":"https:\/\/www.hall32.fr\/ecole\/wp-json\/wp\/v2\/users\/9"}],"replies":[{"embeddable":true,"href":"https:\/\/www.hall32.fr\/ecole\/wp-json\/wp\/v2\/comments?post=2021"}],"version-history":[{"count":2,"href":"https:\/\/www.hall32.fr\/ecole\/wp-json\/wp\/v2\/pages\/2021\/revisions"}],"predecessor-version":[{"id":4296,"href":"https:\/\/www.hall32.fr\/ecole\/wp-json\/wp\/v2\/pages\/2021\/revisions\/4296"}],"up":[{"embeddable":true,"href":"https:\/\/www.hall32.fr\/ecole\/wp-json\/wp\/v2\/pages\/15"}],"wp:attachment":[{"href":"https:\/\/www.hall32.fr\/ecole\/wp-json\/wp\/v2\/media?parent=2021"}],"curies":[{"name":"wp","href":"https:\/\/api.w.org\/{rel}","templated":true}]}}