{"id":2218,"date":"2023-01-26T16:16:52","date_gmt":"2023-01-26T15:16:52","guid":{"rendered":"https:\/\/www.hall32.fr\/ecole\/?page_id=2218"},"modified":"2023-05-26T09:57:44","modified_gmt":"2023-05-26T07:57:44","slug":"mentions-legales","status":"publish","type":"page","link":"https:\/\/www.hall32.fr\/ecole\/mentions-legales\/","title":{"rendered":"Mentions l\u00e9gales"},"content":{"rendered":"<!-- START OF : Composant : block-periscope-theme-section-composant-espace.php -->\n<div class=\"espace \ud83d\ude80 mb-7 mb-lg-14\"><\/div>\n<!-- END OF : Composant : block-periscope-theme-section-composant-espace.php -->\n\n\n<div class=\"espace \ud83d\ude80 mb-7 mb-lg-7 \" data-aos=\"fade-up\">\n        <div class=\"container\">\n<h2 class=\"wp-block-heading\"><strong>Avant-propos&nbsp;:&nbsp;<\/strong><\/h2>\n <\/div>\n        <\/div>\n\n<div class=\"espace \ud83d\ude80 mb-7 mb-lg-7 \" data-aos=\"fade-up\">\n        <div class=\"container\">\n<p>Ce site web est mis \u00e0 la disposition de l\u2019utilisateur qui en accepte les conditions et les termes, et ce par le seul fait de l\u2019utilisation du site. Hall 32 se r\u00e9serve le droit de modifier les conditions d\u2019acc\u00e8s et d\u2019utilisation du site \u00e0 tout moment. Hall 32 n\u2019assume aucune responsabilit\u00e9 en cas d\u2019erreur de manipulation du site par l\u2019utilisateur, d\u2019informations erron\u00e9es ou fausses qui y seraient diffus\u00e9es, ainsi que des perturbations et interruptions qui pourraient s\u2019y produire.&nbsp;<\/p>\n <\/div>\n        <\/div>\n\n<div class=\"espace \ud83d\ude80 mb-7 mb-lg-7 \" data-aos=\"fade-up\">\n        <div class=\"container\">\n<h2 class=\"wp-block-heading\"><strong>Informations \u00e9diteur&nbsp;:&nbsp;<\/strong><\/h2>\n <\/div>\n        <\/div>\n\n<div class=\"espace \ud83d\ude80 mb-7 mb-lg-7 \" data-aos=\"fade-up\">\n        <div class=\"container\">\n<p>Association 2ARAMI<br>Si\u00e8ge social : 32, rue du Clos Four \u2013 63000 Clermont-Ferrand<br>SIRET : 82445892100015.<br>Code APE : 9499Z.<\/p>\n <\/div>\n        <\/div>\n\n<div class=\"espace \ud83d\ude80 mb-7 mb-lg-7 \" data-aos=\"fade-up\">\n        <div class=\"container\">\n<h2 class=\"wp-block-heading\"><strong>Directeur de la publication : <\/strong><\/h2>\n <\/div>\n        <\/div>\n\n<div class=\"espace \ud83d\ude80 mb-7 mb-lg-7 \" data-aos=\"fade-up\">\n        <div class=\"container\">\n<p>Monsieur Nicolas BELAN<br>No Limit Network SARL<br>10 all\u00e9e Evariste Galois<br>63 000 Clermont-Ferrand<br>SARL au capital de 50 000 euros<br>RCS : Clermont Ferrand 793 496&nbsp;662<br><\/p>\n <\/div>\n        <\/div>\n\n<div class=\"espace \ud83d\ude80 mb-7 mb-lg-7 \" data-aos=\"fade-up\">\n        <div class=\"container\">\n<h2 class=\"wp-block-heading\"><strong>Cookies et Liens&nbsp;<\/strong>:<\/h2>\n <\/div>\n        <\/div>\n\n<div class=\"espace \ud83d\ude80 mb-7 mb-lg-7 \" data-aos=\"fade-up\">\n        <div class=\"container\">\n<p>Ce site fait \u00e9galement appel \u00e0 la technologie des \u00ab&nbsp;cookies&nbsp;\u00bb qui nous renseignent sur le nombre de visiteurs du site. En aucun cas ces cookies ne peuvent nous permettre d\u2019utiliser les donn\u00e9es \u00e0 caract\u00e8re personnel ou d\u2019utiliser des informations qui proviennent de votre syst\u00e8me informatique. Les cookies nous aideront \u00e0 mieux cerner vos besoins futurs.<br>Hall 32 met \u00e0 votre disposition des liens vers d\u2019autres sites qui pourraient vous \u00eatre utiles dans la gestion de vos besoins. Les liens vers des sites tiers ne sont pas sous le contr\u00f4le de Hall 32.<br>Hall 32 n\u2019assume aucune responsabilit\u00e9 en ce qui concerne le contenu des liens, des sites reli\u00e9s ainsi que de la protection de la vie priv\u00e9e et donn\u00e9es personnelles par ces sites.&nbsp;<\/p>\n <\/div>\n        <\/div>\n\n<div class=\"espace \ud83d\ude80 mb-7 mb-lg-7 \" data-aos=\"fade-up\">\n        <div class=\"container\">\n<h2 class=\"wp-block-heading\"><strong>Contrefa\u00e7on&nbsp;:&nbsp;<\/strong><\/h2>\n <\/div>\n        <\/div>\n\n<div class=\"espace \ud83d\ude80 mb-7 mb-lg-7 \" data-aos=\"fade-up\">\n        <div class=\"container\">\n<p>Ce site rel\u00e8ve des trait\u00e9s internationaux et de la l\u00e9gislation fran\u00e7aise sur les droits d\u2019auteur et la propri\u00e9t\u00e9 intellectuelle et est conforme aux dispositions de la loi n\u00b0 2004-575 du 21 juin 2004 pour la Confiance dans l\u2019Economie Num\u00e9rique. La reproduction de tout ou partie de ce site est formellement interdite sauf autorisation expresse de l\u2019ASSOCIATION AUVERGNE RH\u00d4NE-ALPES POUR LES M\u00c9TIERS DE L\u2019INDUSTRIE (2ARAMI).<\/p>\n <\/div>\n        <\/div>","protected":false},"excerpt":{"rendered":"<p>Avant-propos&nbsp;:&nbsp; Ce site web est mis \u00e0 la disposition de l\u2019utilisateur qui en accepte les conditions et les termes, et ce par le seul fait de l\u2019utilisation du site. Hall 32 se r\u00e9serve le droit de modifier les conditions d\u2019acc\u00e8s et d\u2019utilisation du site \u00e0 tout moment. Hall 32 n\u2019assume aucune responsabilit\u00e9 en cas d\u2019erreur [&hellip;]<\/p>\n","protected":false},"author":9,"featured_media":0,"parent":0,"menu_order":0,"comment_status":"closed","ping_status":"closed","template":"","meta":{"_acf_changed":false,"footnotes":""},"class_list":["post-2218","page","type-page","status-publish","hentry"],"acf":[],"yoast_head":"<!-- This site is optimized with the Yoast SEO plugin v25.9 - https:\/\/yoast.com\/wordpress\/plugins\/seo\/ -->\n<title>Mentions l\u00e9gales - Ecole<\/title>\n<meta name=\"robots\" content=\"index, follow, max-snippet:-1, max-image-preview:large, max-video-preview:-1\" \/>\n<link rel=\"canonical\" href=\"https:\/\/www.hall32.fr\/ecole\/mentions-legales\/\" \/>\n<meta property=\"og:locale\" content=\"fr_FR\" \/>\n<meta property=\"og:type\" content=\"article\" \/>\n<meta property=\"og:title\" content=\"Mentions l\u00e9gales - Ecole\" \/>\n<meta property=\"og:description\" content=\"Avant-propos&nbsp;:&nbsp; Ce site web est mis \u00e0 la disposition de l\u2019utilisateur qui en accepte les conditions et les termes, et ce par le seul fait de l\u2019utilisation du site. Hall 32 se r\u00e9serve le droit de modifier les conditions d\u2019acc\u00e8s et d\u2019utilisation du site \u00e0 tout moment. Hall 32 n\u2019assume aucune responsabilit\u00e9 en cas d\u2019erreur [&hellip;]\" \/>\n<meta property=\"og:url\" content=\"https:\/\/www.hall32.fr\/ecole\/mentions-legales\/\" \/>\n<meta property=\"og:site_name\" content=\"Ecole\" \/>\n<meta property=\"article:modified_time\" content=\"2023-05-26T07:57:44+00:00\" \/>\n<meta name=\"twitter:card\" content=\"summary_large_image\" \/>\n<meta name=\"twitter:label1\" content=\"Dur\u00e9e de lecture estim\u00e9e\" \/>\n\t<meta name=\"twitter:data1\" content=\"2 minutes\" \/>\n<script type=\"application\/ld+json\" class=\"yoast-schema-graph\">{\"@context\":\"https:\/\/schema.org\",\"@graph\":[{\"@type\":\"WebPage\",\"@id\":\"https:\/\/www.hall32.fr\/ecole\/mentions-legales\/\",\"url\":\"https:\/\/www.hall32.fr\/ecole\/mentions-legales\/\",\"name\":\"Mentions l\u00e9gales - Ecole\",\"isPartOf\":{\"@id\":\"https:\/\/www.hall32.fr\/ecole\/#website\"},\"datePublished\":\"2023-01-26T15:16:52+00:00\",\"dateModified\":\"2023-05-26T07:57:44+00:00\",\"breadcrumb\":{\"@id\":\"https:\/\/www.hall32.fr\/ecole\/mentions-legales\/#breadcrumb\"},\"inLanguage\":\"fr-FR\",\"potentialAction\":[{\"@type\":\"ReadAction\",\"target\":[\"https:\/\/www.hall32.fr\/ecole\/mentions-legales\/\"]}]},{\"@type\":\"BreadcrumbList\",\"@id\":\"https:\/\/www.hall32.fr\/ecole\/mentions-legales\/#breadcrumb\",\"itemListElement\":[{\"@type\":\"ListItem\",\"position\":1,\"name\":\"Accueil\",\"item\":\"https:\/\/www.hall32.fr\/ecole\/\"},{\"@type\":\"ListItem\",\"position\":2,\"name\":\"Mentions l\u00e9gales\"}]},{\"@type\":\"WebSite\",\"@id\":\"https:\/\/www.hall32.fr\/ecole\/#website\",\"url\":\"https:\/\/www.hall32.fr\/ecole\/\",\"name\":\"Ecole\",\"description\":\"\",\"potentialAction\":[{\"@type\":\"SearchAction\",\"target\":{\"@type\":\"EntryPoint\",\"urlTemplate\":\"https:\/\/www.hall32.fr\/ecole\/?s={search_term_string}\"},\"query-input\":{\"@type\":\"PropertyValueSpecification\",\"valueRequired\":true,\"valueName\":\"search_term_string\"}}],\"inLanguage\":\"fr-FR\"}]}<\/script>\n<!-- \/ Yoast SEO plugin. -->","yoast_head_json":{"title":"Mentions l\u00e9gales - Ecole","robots":{"index":"index","follow":"follow","max-snippet":"max-snippet:-1","max-image-preview":"max-image-preview:large","max-video-preview":"max-video-preview:-1"},"canonical":"https:\/\/www.hall32.fr\/ecole\/mentions-legales\/","og_locale":"fr_FR","og_type":"article","og_title":"Mentions l\u00e9gales - Ecole","og_description":"Avant-propos&nbsp;:&nbsp; Ce site web est mis \u00e0 la disposition de l\u2019utilisateur qui en accepte les conditions et les termes, et ce par le seul fait de l\u2019utilisation du site. Hall 32 se r\u00e9serve le droit de modifier les conditions d\u2019acc\u00e8s et d\u2019utilisation du site \u00e0 tout moment. Hall 32 n\u2019assume aucune responsabilit\u00e9 en cas d\u2019erreur [&hellip;]","og_url":"https:\/\/www.hall32.fr\/ecole\/mentions-legales\/","og_site_name":"Ecole","article_modified_time":"2023-05-26T07:57:44+00:00","twitter_card":"summary_large_image","twitter_misc":{"Dur\u00e9e de lecture estim\u00e9e":"2 minutes"},"schema":{"@context":"https:\/\/schema.org","@graph":[{"@type":"WebPage","@id":"https:\/\/www.hall32.fr\/ecole\/mentions-legales\/","url":"https:\/\/www.hall32.fr\/ecole\/mentions-legales\/","name":"Mentions l\u00e9gales - Ecole","isPartOf":{"@id":"https:\/\/www.hall32.fr\/ecole\/#website"},"datePublished":"2023-01-26T15:16:52+00:00","dateModified":"2023-05-26T07:57:44+00:00","breadcrumb":{"@id":"https:\/\/www.hall32.fr\/ecole\/mentions-legales\/#breadcrumb"},"inLanguage":"fr-FR","potentialAction":[{"@type":"ReadAction","target":["https:\/\/www.hall32.fr\/ecole\/mentions-legales\/"]}]},{"@type":"BreadcrumbList","@id":"https:\/\/www.hall32.fr\/ecole\/mentions-legales\/#breadcrumb","itemListElement":[{"@type":"ListItem","position":1,"name":"Accueil","item":"https:\/\/www.hall32.fr\/ecole\/"},{"@type":"ListItem","position":2,"name":"Mentions l\u00e9gales"}]},{"@type":"WebSite","@id":"https:\/\/www.hall32.fr\/ecole\/#website","url":"https:\/\/www.hall32.fr\/ecole\/","name":"Ecole","description":"","potentialAction":[{"@type":"SearchAction","target":{"@type":"EntryPoint","urlTemplate":"https:\/\/www.hall32.fr\/ecole\/?s={search_term_string}"},"query-input":{"@type":"PropertyValueSpecification","valueRequired":true,"valueName":"search_term_string"}}],"inLanguage":"fr-FR"}]}},"_links":{"self":[{"href":"https:\/\/www.hall32.fr\/ecole\/wp-json\/wp\/v2\/pages\/2218","targetHints":{"allow":["GET"]}}],"collection":[{"href":"https:\/\/www.hall32.fr\/ecole\/wp-json\/wp\/v2\/pages"}],"about":[{"href":"https:\/\/www.hall32.fr\/ecole\/wp-json\/wp\/v2\/types\/page"}],"author":[{"embeddable":true,"href":"https:\/\/www.hall32.fr\/ecole\/wp-json\/wp\/v2\/users\/9"}],"replies":[{"embeddable":true,"href":"https:\/\/www.hall32.fr\/ecole\/wp-json\/wp\/v2\/comments?post=2218"}],"version-history":[{"count":3,"href":"https:\/\/www.hall32.fr\/ecole\/wp-json\/wp\/v2\/pages\/2218\/revisions"}],"predecessor-version":[{"id":3244,"href":"https:\/\/www.hall32.fr\/ecole\/wp-json\/wp\/v2\/pages\/2218\/revisions\/3244"}],"wp:attachment":[{"href":"https:\/\/www.hall32.fr\/ecole\/wp-json\/wp\/v2\/media?parent=2218"}],"curies":[{"name":"wp","href":"https:\/\/api.w.org\/{rel}","templated":true}]}}