{"id":3063,"date":"2023-03-21T12:07:04","date_gmt":"2023-03-21T11:07:04","guid":{"rendered":"https:\/\/www.hall32.fr\/ecole\/?page_id=3063"},"modified":"2026-03-31T11:12:53","modified_gmt":"2026-03-31T09:12:53","slug":"taxe-dapprentissage-2","status":"publish","type":"page","link":"https:\/\/www.hall32.fr\/ecole\/a-propos\/taxe-dapprentissage-2\/","title":{"rendered":"Taxe d&rsquo;apprentissage"},"content":{"rendered":"<!-- START OF : Composant : block-periscope-theme-section-composant-bloc-cta.php -->\n<div class=\"overflow-hidden\">\n\t\t<div class=\"row g-0 \">\n\t\t\t\t<div class=\"col-sm-6\">\n\t\t\t<div class=\"carre-img h-100\">\n\t<picture>\n\t\t<img decoding=\"async\" src=\"https:\/\/www.hall32.fr\/ecole\/wp-content\/uploads\/sites\/2\/2024\/05\/5N5A2855.jpg\" alt=\"\" width=\"443\" height=\"443\" alt=\"\" class=\"w-100 h-100 of-cover op-center\" loading=\"lazy\" \/>\n\t<\/picture>\n<\/div>\n\t\t<\/div>\n\t\t<div class=\"col-sm-6\">\n\t\t\t<div class=\"carre h-100 px-2 py-7 p-md-7 p-lg-14 h-100 text-start d-flex flex-column align-items-start justify-content-center bg-primary\">\n\t<div data-aos=\"fade-left\">\n\t\t<h3 class=\"h2\">Pourquoi nous verser la Taxe d&#039;Apprentissage ?<\/h3>\n\t\t<p class=\"fs-18 fs-lg-20\">Nous soutenir, c\u2019est permettre de :<br \/>\r\n\u2022 Mettre \u00e0 la disposition de nos apprenant\u00b7e\u00b7s un environnement p\u00e9dagogique toujours plus performant<br \/>\r\n\u2022 Maintenir et d\u00e9velopper les comp\u00e9tences des futurs talents de l\u2019industrie en ad\u00e9quation avec les besoins op\u00e9rationnels, notamment sur les m\u00e9tiers en tension<br \/>\r\n\u2022 Soutenir le d\u00e9veloppement de programmes de formations innovants et des \u00e9quipements d\u00e9di\u00e9s<\/p>\n\t\t\t<\/div>\n<\/div>\n\t\t<\/div>\n\t\t\t\t<\/div>\n<\/div>\n<!-- END OF : Composant : block-periscope-theme-section-composant-bloc-cta.php -->\n\n\n<!-- START OF : Composant : block-periscope-theme-section-composant-bloc-cta.php -->\n<div class=\"overflow-hidden\">\n\t\t<div class=\"row g-0 flex-row-reverse\">\n\t\t\t\t<div class=\"col-sm-6\">\n\t\t\t<div class=\"carre-img h-100\">\n\t<picture>\n\t\t<img decoding=\"async\" src=\"https:\/\/www.hall32.fr\/ecole\/wp-content\/uploads\/sites\/2\/2024\/05\/5N5A2789.jpg\" alt=\"\" width=\"443\" height=\"443\" alt=\"\" class=\"w-100 h-100 of-cover op-center\" loading=\"lazy\" \/>\n\t<\/picture>\n<\/div>\n\t\t<\/div>\n\t\t<div class=\"col-sm-6\">\n\t\t\t<div class=\"carre h-100 px-2 py-7 p-md-7 p-lg-14 h-100 text-start d-flex flex-column align-items-start justify-content-center bg-light\">\n\t<div data-aos=\"fade-left\">\n\t\t<h3 class=\"h2\"><\/h3>\n\t\t<p class=\"fs-18 fs-lg-20\">Cette ann\u00e9e, vous affecterez votre solde de la taxe d\u2019apprentissage aux \u00e9tablissements de votre choix via la plateforme SOLT\u00e9a, sp\u00e9cialement d\u00e9velopp\u00e9 par la Caisses D\u00e9p\u00f4ts et Consignations.<br \/>\r\n<br \/>\r\nFl\u00e9chez votre solde lib\u00e9ratoire sur les \u00e9tablissements :<br \/>\r\n\u2022 2ARAMI, l\u2019association porteuse de HALL 32 &#8211; Jusqu\u2019\u00e0 30% du montant de votre solde lib\u00e9ratoire. N\u00b0RNA : W632008561<br \/>\r\n\u2022 HALL 32 &#8211; Jusqu\u2019\u00e0 100% du solde lib\u00e9ratoire. N\u00b0UAI : 0632052N<\/p>\n\t\t\t\t<a href=\"https:\/\/www.soltea.gouv.fr\/espace-public\/\" title=\"Je choisis Hall 32\" target=\"\" class=\"btn btn-dark\" data-gtm=\"\" data-name=\"\">Je choisis Hall 32<\/a>\n\t\t\t<\/div>\n<\/div>\n\t\t<\/div>\n\t\t\t\t<\/div>\n<\/div>\n<!-- END OF : Composant : block-periscope-theme-section-composant-bloc-cta.php -->\n\n\n<!-- START OF : Composant : block-periscope-theme-section-composant-bloc-cta.php -->\n<div class=\"overflow-hidden\">\n\t\t<div class=\"row g-0 \">\n\t\t\t\t<div class=\"col-sm-6\">\n\t\t\t<div class=\"carre-img h-100\">\n\t<picture>\n\t\t<img decoding=\"async\" src=\"https:\/\/www.hall32.fr\/ecole\/wp-content\/uploads\/sites\/2\/2024\/05\/5L3A4248.jpg\" alt=\"\" width=\"443\" height=\"443\" alt=\"\" class=\"w-100 h-100 of-cover op-center\" loading=\"lazy\" \/>\n\t<\/picture>\n<\/div>\n\t\t<\/div>\n\t\t<div class=\"col-sm-6\">\n\t\t\t<div class=\"carre h-100 px-2 py-7 p-md-7 p-lg-14 h-100 text-start d-flex flex-column align-items-start justify-content-center bg-primary\">\n\t<div data-aos=\"fade-left\">\n\t\t<h3 class=\"h2\">D\u00e9couvrez nos actions concr\u00e8tes gr\u00e2ce au soutien des entreprises<\/h3>\n\t\t<p class=\"fs-18 fs-lg-20\">Forts de notre d\u00e9veloppement et de notre certification Qualiopi, nous poursuivons l\u2019adaptation de nos programmes p\u00e9dagogiques pour que nos apprenants b\u00e9n\u00e9ficient d\u2019un environnement favorable \u00e0 leur \u00e9panouissement personnel et \u00e0 la r\u00e9ussite de leur projet professionnel.<br \/>\r\n<br \/>\r\nVotre soutien financier contribue \u00e0 l\u2019am\u00e9lioration continue de nos services, en proposant un soutien toujours plus personnalis\u00e9 que ce soit \u00e0 nos partenaires et \u00e0 nos alternants.<\/p>\n\t\t\t\t<a href=\"https:\/\/www.hall32.fr\/ecole\/wp-content\/uploads\/sites\/2\/2026\/03\/Plaquette-TA-2026_PAP.pdf\" title=\"T\u00e9l\u00e9chargez notre plaquette\" target=\"\" class=\"btn btn-dark\" data-gtm=\"\" data-name=\"\">T\u00e9l\u00e9chargez notre plaquette<\/a>\n\t\t\t<\/div>\n<\/div>\n\t\t<\/div>\n\t\t\t\t<\/div>\n<\/div>\n<!-- END OF : Composant : block-periscope-theme-section-composant-bloc-cta.php -->\n\n\n<!-- START OF : Composant : block-periscope-theme-section-composant-espace.php -->\n<div class=\"espace \ud83d\ude80 mb-7 mb-lg-14\"><\/div>\n<!-- END OF : Composant : block-periscope-theme-section-composant-espace.php -->\n\n\n<!-- START OF : Composant : block-periscope-theme-section-composant-etapes.php -->\n<div class=\"espace \ud83d\ude80 mb-7 mb-lg-8\">\n    <div class=\"container\">\n                <h2 class=\"h3\">Calendrier de versement 2026<\/h2>\n                <div class=\"row align-items-lg-center mb-4\">\n\t<div class=\"col col--recrutement\">\n\t\t<div class=\"h1 mb-0 text-success lh-1 pt-1 pt-lg-2\">01<\/div>\n\t<\/div>\n\t<div class=\"col border-start\">\n\t    \t\t<div class=\"fw-bold fs-20\">Le 26 mai 2026<\/div>\n\t    \t    \t\tD\u00e9clarez et versez votre taxe d\u2019apprentissage \u00e0 l\u2019URSAFF via la DSN d\u2019avril 2026\t    \t<\/div>\n<\/div>\n<div class=\"row align-items-lg-center mb-4\">\n\t<div class=\"col col--recrutement\">\n\t\t<div class=\"h1 mb-0 text-success lh-1 pt-1 pt-lg-2\">02<\/div>\n\t<\/div>\n\t<div class=\"col border-start\">\n\t    \t\t<div class=\"fw-bold fs-20\">Du 26 mai 2026 au 21 ao\u00fbt 2026<\/div>\n\t    \t    \t\tFl\u00e9chez votre solde lib\u00e9ratoire sur les \u00e9tablissements 2ARAMI et\/ou HALL 32\t    \t<\/div>\n<\/div>\n<div class=\"row align-items-lg-center mb-4\">\n\t<div class=\"col col--recrutement\">\n\t\t<div class=\"h1 mb-0 text-success lh-1 pt-1 pt-lg-2\">03<\/div>\n\t<\/div>\n\t<div class=\"col border-start\">\n\t    \t\t<div class=\"fw-bold fs-20\">Du 03 septembre au 21 octobre 2026<\/div>\n\t    \t    \t\tSeconde phase de versement \t    \t<\/div>\n<\/div>\n<div class=\"row align-items-lg-center mb-4\">\n\t<div class=\"col col--recrutement\">\n\t\t<div class=\"h1 mb-0 text-success lh-1 pt-1 pt-lg-2\">04<\/div>\n\t<\/div>\n\t<div class=\"col border-start\">\n\t    \t\t<div class=\"fw-bold fs-20\">Le 26 novembre 2026<\/div>\n\t    \t    \t\tVersement des fonds non r\u00e9partis\t    \t<\/div>\n<\/div>\n    <\/div>\n<\/div>\n<!-- END OF : Composant : block-periscope-theme-section-composant-etapes.php -->\n\n\n<div class=\"espace \ud83d\ude80 mb-7 mb-lg-7 \" data-aos=\"fade-up\">\n        <div class=\"container\">\n<h2 class=\"wp-block-heading\"><\/h2>\n <\/div>\n        <\/div>","protected":false},"excerpt":{"rendered":"<p>Hall 32 et l\u2019association 2ARAMI comptent sur vous et votre soutien, par le biais de la Taxe d\u2019Apprentissage. Cet apport est fondamental pour notre d\u00e9veloppement futur et pour r\u00e9pondre \u00e0 vos attentes et \u00e0 celles de notre \u00e9cosyst\u00e8me industriel.<\/p>\n","protected":false},"author":9,"featured_media":0,"parent":620,"menu_order":0,"comment_status":"closed","ping_status":"closed","template":"","meta":{"_acf_changed":false,"footnotes":""},"class_list":["post-3063","page","type-page","status-publish","hentry"],"acf":[],"yoast_head":"<!-- This site is optimized with the Yoast SEO plugin v25.9 - https:\/\/yoast.com\/wordpress\/plugins\/seo\/ -->\n<title>Taxe d&#039;apprentissage - Ecole<\/title>\n<meta name=\"robots\" content=\"index, follow, max-snippet:-1, max-image-preview:large, max-video-preview:-1\" \/>\n<link rel=\"canonical\" href=\"https:\/\/www.hall32.fr\/ecole\/a-propos\/taxe-dapprentissage-2\/\" \/>\n<meta property=\"og:locale\" content=\"fr_FR\" \/>\n<meta property=\"og:type\" content=\"article\" \/>\n<meta property=\"og:title\" content=\"Taxe d&#039;apprentissage - Ecole\" \/>\n<meta property=\"og:description\" content=\"Hall 32 et l\u2019association 2ARAMI comptent sur vous et votre soutien, par le biais de la Taxe d\u2019Apprentissage. Cet apport est fondamental pour notre d\u00e9veloppement futur et pour r\u00e9pondre \u00e0 vos attentes et \u00e0 celles de notre \u00e9cosyst\u00e8me industriel.\" \/>\n<meta property=\"og:url\" content=\"https:\/\/www.hall32.fr\/ecole\/a-propos\/taxe-dapprentissage-2\/\" \/>\n<meta property=\"og:site_name\" content=\"Ecole\" \/>\n<meta property=\"article:modified_time\" content=\"2026-03-31T09:12:53+00:00\" \/>\n<meta name=\"twitter:card\" content=\"summary_large_image\" \/>\n<script type=\"application\/ld+json\" class=\"yoast-schema-graph\">{\"@context\":\"https:\/\/schema.org\",\"@graph\":[{\"@type\":\"WebPage\",\"@id\":\"https:\/\/www.hall32.fr\/ecole\/a-propos\/taxe-dapprentissage-2\/\",\"url\":\"https:\/\/www.hall32.fr\/ecole\/a-propos\/taxe-dapprentissage-2\/\",\"name\":\"Taxe d'apprentissage - Ecole\",\"isPartOf\":{\"@id\":\"https:\/\/www.hall32.fr\/ecole\/#website\"},\"datePublished\":\"2023-03-21T11:07:04+00:00\",\"dateModified\":\"2026-03-31T09:12:53+00:00\",\"breadcrumb\":{\"@id\":\"https:\/\/www.hall32.fr\/ecole\/a-propos\/taxe-dapprentissage-2\/#breadcrumb\"},\"inLanguage\":\"fr-FR\",\"potentialAction\":[{\"@type\":\"ReadAction\",\"target\":[\"https:\/\/www.hall32.fr\/ecole\/a-propos\/taxe-dapprentissage-2\/\"]}]},{\"@type\":\"BreadcrumbList\",\"@id\":\"https:\/\/www.hall32.fr\/ecole\/a-propos\/taxe-dapprentissage-2\/#breadcrumb\",\"itemListElement\":[{\"@type\":\"ListItem\",\"position\":1,\"name\":\"Accueil\",\"item\":\"https:\/\/www.hall32.fr\/ecole\/\"},{\"@type\":\"ListItem\",\"position\":2,\"name\":\"A propos\",\"item\":\"https:\/\/www.hall32.fr\/ecole\/a-propos\/\"},{\"@type\":\"ListItem\",\"position\":3,\"name\":\"Taxe d&rsquo;apprentissage\"}]},{\"@type\":\"WebSite\",\"@id\":\"https:\/\/www.hall32.fr\/ecole\/#website\",\"url\":\"https:\/\/www.hall32.fr\/ecole\/\",\"name\":\"Ecole\",\"description\":\"\",\"potentialAction\":[{\"@type\":\"SearchAction\",\"target\":{\"@type\":\"EntryPoint\",\"urlTemplate\":\"https:\/\/www.hall32.fr\/ecole\/?s={search_term_string}\"},\"query-input\":{\"@type\":\"PropertyValueSpecification\",\"valueRequired\":true,\"valueName\":\"search_term_string\"}}],\"inLanguage\":\"fr-FR\"}]}<\/script>\n<!-- \/ Yoast SEO plugin. -->","yoast_head_json":{"title":"Taxe d'apprentissage - Ecole","robots":{"index":"index","follow":"follow","max-snippet":"max-snippet:-1","max-image-preview":"max-image-preview:large","max-video-preview":"max-video-preview:-1"},"canonical":"https:\/\/www.hall32.fr\/ecole\/a-propos\/taxe-dapprentissage-2\/","og_locale":"fr_FR","og_type":"article","og_title":"Taxe d'apprentissage - Ecole","og_description":"Hall 32 et l\u2019association 2ARAMI comptent sur vous et votre soutien, par le biais de la Taxe d\u2019Apprentissage. Cet apport est fondamental pour notre d\u00e9veloppement futur et pour r\u00e9pondre \u00e0 vos attentes et \u00e0 celles de notre \u00e9cosyst\u00e8me industriel.","og_url":"https:\/\/www.hall32.fr\/ecole\/a-propos\/taxe-dapprentissage-2\/","og_site_name":"Ecole","article_modified_time":"2026-03-31T09:12:53+00:00","twitter_card":"summary_large_image","schema":{"@context":"https:\/\/schema.org","@graph":[{"@type":"WebPage","@id":"https:\/\/www.hall32.fr\/ecole\/a-propos\/taxe-dapprentissage-2\/","url":"https:\/\/www.hall32.fr\/ecole\/a-propos\/taxe-dapprentissage-2\/","name":"Taxe d'apprentissage - Ecole","isPartOf":{"@id":"https:\/\/www.hall32.fr\/ecole\/#website"},"datePublished":"2023-03-21T11:07:04+00:00","dateModified":"2026-03-31T09:12:53+00:00","breadcrumb":{"@id":"https:\/\/www.hall32.fr\/ecole\/a-propos\/taxe-dapprentissage-2\/#breadcrumb"},"inLanguage":"fr-FR","potentialAction":[{"@type":"ReadAction","target":["https:\/\/www.hall32.fr\/ecole\/a-propos\/taxe-dapprentissage-2\/"]}]},{"@type":"BreadcrumbList","@id":"https:\/\/www.hall32.fr\/ecole\/a-propos\/taxe-dapprentissage-2\/#breadcrumb","itemListElement":[{"@type":"ListItem","position":1,"name":"Accueil","item":"https:\/\/www.hall32.fr\/ecole\/"},{"@type":"ListItem","position":2,"name":"A propos","item":"https:\/\/www.hall32.fr\/ecole\/a-propos\/"},{"@type":"ListItem","position":3,"name":"Taxe d&rsquo;apprentissage"}]},{"@type":"WebSite","@id":"https:\/\/www.hall32.fr\/ecole\/#website","url":"https:\/\/www.hall32.fr\/ecole\/","name":"Ecole","description":"","potentialAction":[{"@type":"SearchAction","target":{"@type":"EntryPoint","urlTemplate":"https:\/\/www.hall32.fr\/ecole\/?s={search_term_string}"},"query-input":{"@type":"PropertyValueSpecification","valueRequired":true,"valueName":"search_term_string"}}],"inLanguage":"fr-FR"}]}},"_links":{"self":[{"href":"https:\/\/www.hall32.fr\/ecole\/wp-json\/wp\/v2\/pages\/3063","targetHints":{"allow":["GET"]}}],"collection":[{"href":"https:\/\/www.hall32.fr\/ecole\/wp-json\/wp\/v2\/pages"}],"about":[{"href":"https:\/\/www.hall32.fr\/ecole\/wp-json\/wp\/v2\/types\/page"}],"author":[{"embeddable":true,"href":"https:\/\/www.hall32.fr\/ecole\/wp-json\/wp\/v2\/users\/9"}],"replies":[{"embeddable":true,"href":"https:\/\/www.hall32.fr\/ecole\/wp-json\/wp\/v2\/comments?post=3063"}],"version-history":[{"count":3,"href":"https:\/\/www.hall32.fr\/ecole\/wp-json\/wp\/v2\/pages\/3063\/revisions"}],"predecessor-version":[{"id":4431,"href":"https:\/\/www.hall32.fr\/ecole\/wp-json\/wp\/v2\/pages\/3063\/revisions\/4431"}],"up":[{"embeddable":true,"href":"https:\/\/www.hall32.fr\/ecole\/wp-json\/wp\/v2\/pages\/620"}],"wp:attachment":[{"href":"https:\/\/www.hall32.fr\/ecole\/wp-json\/wp\/v2\/media?parent=3063"}],"curies":[{"name":"wp","href":"https:\/\/api.w.org\/{rel}","templated":true}]}}