{"id":3472,"date":"2023-07-25T11:05:44","date_gmt":"2023-07-25T09:05:44","guid":{"rendered":"https:\/\/www.hall32.fr\/ecole\/?page_id=3472"},"modified":"2024-10-04T10:23:03","modified_gmt":"2024-10-04T08:23:03","slug":"le-metier-delectricien-expertise-dans-les-installations-electriques","status":"publish","type":"page","link":"https:\/\/www.hall32.fr\/ecole\/le-metier-delectricien-expertise-dans-les-installations-electriques\/","title":{"rendered":"Le m\u00e9tier d&rsquo;\u00e9lectricien : expertise dans les installations \u00e9lectriques"},"content":{"rendered":"<!-- START OF : Composant : block-periscope-theme-section-composant-bloc-cta.php -->\n<div class=\"overflow-hidden\">\n\t\t<div class=\"row g-0 \">\n\t\t\t\t<div class=\"col-sm-6\">\n\t\t\t<div class=\"carre-img h-100\">\n\t<picture>\n\t\t<img decoding=\"async\" src=\"https:\/\/www.hall32.fr\/ecole\/wp-content\/uploads\/sites\/2\/2023\/07\/100DPI-Photos-site-719x639Plan-de-travail-35.jpg\" alt=\"Formation professionnelle \u00e9lectricit\u00e9 hall 32 plateau technique\" width=\"443\" height=\"443\" alt=\"\" class=\"w-100 h-100 of-cover op-center\" loading=\"lazy\" \/>\n\t<\/picture>\n<\/div>\n\t\t<\/div>\n\t\t<div class=\"col-sm-6\">\n\t\t\t<div class=\"carre h-100 px-2 py-7 p-md-7 p-lg-14 h-100 text-start d-flex flex-column align-items-start justify-content-center bg-primary\">\n\t<div data-aos=\"fade-left\">\n\t\t<h3 class=\"h2\">Qu\u2019est-ce qu\u2019un \u00e9lectricien ?<\/h3>\n\t\t<p class=\"fs-18 fs-lg-20\">Un \u00e9lectricien est un professionnel qualifi\u00e9 dans le domaine de l&rsquo;\u00e9lectricit\u00e9. Son r\u00f4le principal est d&rsquo;installer, de r\u00e9parer et de maintenir les syst\u00e8mes \u00e9lectriques dans divers environnements tels que les r\u00e9sidences, les b\u00e2timents commerciaux et industriels, mais aussi des machines industrielles. Ils sont responsables du c\u00e2blage \u00e9lectrique, de la connexion des appareils et des \u00e9quipements, du diagnostic des pannes \u00e9lectriques et de la mise en place de mesures de s\u00e9curit\u00e9 \u00e9lectrique.<\/p>\n\t\t\t<\/div>\n<\/div>\n\t\t<\/div>\n\t\t\t\t<\/div>\n<\/div>\n<!-- END OF : Composant : block-periscope-theme-section-composant-bloc-cta.php -->\n\n\n<!-- START OF : Composant : block-periscope-theme-section-composant-espace.php -->\n<div class=\"espace \ud83d\ude80 mb-7 mb-lg-14\"><\/div>\n<!-- END OF : Composant : block-periscope-theme-section-composant-espace.php -->\n\n\n<!-- START OF : Composant : block-periscope-theme-section-composant-intertitre.php -->\n\n<div class=\"espace \ud83d\ude80\" data-aos=\"fade-up\">\n\t<div class=\"container\">\n\t\t<h2 class=\"h2 text-danger\">Les missions d\u2019un \u00e9lectricien<\/h2>\n\t<\/div>\n<\/div>\n<!-- END OF : Composant : block-periscope-theme-section-composant-intertitre.php -->\n\n\n<div class=\"espace \ud83d\ude80 mb-7 mb-lg-7 \" data-aos=\"fade-up\">\n        <div class=\"container\">\n<p>L\u2019\u00e9lectricien doit \u00eatre capable de lire et d&rsquo;interpr\u00e9ter les plans, les sch\u00e9mas \u00e9lectriques, les diagrammes de c\u00e2blage pour comprendre les sp\u00e9cifications techniques, les connexions et les circuits \u00e9lectriques. Il utilise ces informations pour r\u00e9aliser les travaux d&rsquo;installation et de r\u00e9paration.<\/p>\n <\/div>\n        <\/div>\n\n<div class=\"espace \ud83d\ude80 mb-7 mb-lg-7 \" data-aos=\"fade-up\">\n        <div class=\"container\">\n<p>Un \u00e9lectricien est charg\u00e9 d&rsquo;installer et de <strong>mettre en place les syst\u00e8mes \u00e9lectriques dans les b\u00e2timents<\/strong>, que ce soit pour les nouvelles constructions ou lors de r\u00e9novations. Cela comprend :<\/p>\n <\/div>\n        <\/div>\n\n<div class=\"espace \ud83d\ude80 mb-7 mb-lg-7 \" data-aos=\"fade-up\">\n        <div class=\"container\">\n<ul class=\"wp-block-list\">\n<li>le c\u00e2blage,<\/li>\n\n\n\n<li>l&rsquo;installation des prises de courant,<\/li>\n\n\n\n<li>des interrupteurs,<\/li>\n\n\n\n<li>des luminaires,<\/li>\n\n\n\n<li>des tableaux \u00e9lectriques,<\/li>\n\n\n\n<li>et d&rsquo;autres \u00e9quipements \u00e9lectriques (Domotique, fibres optiques, r\u00e9seaux informatiques).<\/li>\n<\/ul>\n <\/div>\n        <\/div>\n\n<!-- START OF : Composant : block-periscope-theme-section-composant-two-columns.php -->\n<div class=\"espace \ud83d\ude80 mb-7 mb-lg-14\">\n\t<div class=\"container\">\n\t\t<div class=\"row\">\n\t\t\t<div class=\"col-lg-10 offset-lg-1\">\n\t\t\t\t<div class=\"two-columns row  overflow-hidden\">\n\t<div class=\"col-lg-6 order-last order-lg-first\" data-aos=\"fade-right\">\n\t\t\t\t\t\t<p>Les \u00e9lectriciens sont responsables de la maintenance pr\u00e9ventive des installations \u00e9lectriques, en effectuant des v\u00e9rifications r\u00e9guli\u00e8res, des tests de s\u00e9curit\u00e9 et des r\u00e9parations si n\u00e9cessaire. Ils diagnostiquent et r\u00e9solvent les pannes \u00e9lectriques, identifient les c\u00e2bles d\u00e9fectueux, les composants d\u00e9faillants, et effectuent les r\u00e9parations appropri\u00e9es. Ils doivent aussi s&#039;assurer que toutes les installations \u00e9lectriques sont conformes aux normes de s\u00e9curit\u00e9 en vigueur.\r\nEnfin, l\u2019\u00e9lectricien a aussi pour mission de conseiller ses clients aux bonnes pratiques \u00e0 utiliser en ce qui concerne la consommation d\u2019\u00e9lectricit\u00e9. Il doit aussi souvent \u00eatre en contact avec d\u2019autres professionnels tels que des architectes, des ing\u00e9nieurs ou encore des plombiers, car ils sont tous amen\u00e9s \u00e0 travailler ensemble au quotidien.<\/p>\n\t\t\t\t\t<\/div>\n\t\t<div class=\"col-lg-6 mb-4 mb-lg-0\" data-aos=\"fade-left\">\n\t\t<picture class=\"d-block ratio ratio-1x1\">\n\t\t\t<img decoding=\"async\" src=\"https:\/\/www.hall32.fr\/ecole\/wp-content\/uploads\/sites\/2\/2023\/07\/100DPI-Photos-site-719x639Plan-de-travail-37.jpg\" width=\"443\" height=\"443\" alt=\"\" \/>\n\t\t<\/picture>\n\t\t<p class=\"pt-1 two-columns__legend image__legend\"><\/p>\n\t<\/div>\n\t<\/div>\t\t\t<\/div>\n\t\t<\/div>\n\t<\/div>\n<\/div>\n<!-- END OF : Composant : block-periscope-theme-section-composant-two-columns.php -->\n\n\n<!-- START OF : Composant : block-periscope-theme-section-composant-intertitre.php -->\n\n<div class=\"espace \ud83d\ude80\" data-aos=\"fade-up\">\n\t<div class=\"container\">\n\t\t<h2 class=\"h2 text-success\">Devenir \u00e9lectricien : comp\u00e9tences et qualit\u00e9s n\u00e9cessaires<\/h2>\n\t<\/div>\n<\/div>\n<!-- END OF : Composant : block-periscope-theme-section-composant-intertitre.php -->\n\n\n<div class=\"espace \ud83d\ude80 mb-7 mb-lg-7 \" data-aos=\"fade-up\">\n        <div class=\"container\">\n<p>Les comp\u00e9tences cl\u00e9s d&rsquo;un \u00e9lectricien comprennent une solide connaissance des principes de l&rsquo;\u00e9lectricit\u00e9 et des circuits \u00e9lectriques.<\/p>\n <\/div>\n        <\/div>\n\n<div class=\"espace \ud83d\ude80 mb-7 mb-lg-7 \" data-aos=\"fade-up\">\n        <div class=\"container\">\n<ul class=\"wp-block-list\">\n<li>Il doit \u00eatre capable de lire et d&rsquo;interpr\u00e9ter les plans, les sch\u00e9mas \u00e9lectriques et les diagrammes de c\u00e2blage.<\/li>\n\n\n\n<li>Il a une habilet\u00e9 \u00e0 installer, r\u00e9parer et entretenir les syst\u00e8mes \u00e9lectriques en respectant les normes de s\u00e9curit\u00e9 et les codes \u00e9lectriques.<\/li>\n\n\n\n<li>Il a de fortes comp\u00e9tences en mati\u00e8re de d\u00e9pannage et de r\u00e9solution de probl\u00e8mes \u00e9lectriques.<\/li>\n\n\n\n<li>Il a la ma\u00eetrise des outils et instruments de mesure \u00e9lectrique pour effectuer des tests et des v\u00e9rifications pr\u00e9cises.<\/li>\n\n\n\n<li>Il a une bonne compr\u00e9hension des normes de s\u00e9curit\u00e9 \u00e9lectrique et la capacit\u00e9 de les appliquer dans le cadre des installations \u00e9lectriques.<\/li>\n\n\n\n<li>Il a des comp\u00e9tences en communication et en travail d&rsquo;\u00e9quipe pour collaborer avec les clients, les coll\u00e8gues et d&rsquo;autres professionnels du b\u00e2timent.<\/li>\n\n\n\n<li>Il fait tr\u00e8s attention aux d\u00e9tails et a une capacit\u00e9 \u00e0 suivre des proc\u00e9dures pr\u00e9cises lors de l&rsquo;installation et \u00e0 la r\u00e9paration des syst\u00e8mes \u00e9lectriques.<\/li>\n\n\n\n<li>Il doit veiller \u00e0 rester \u00e0 jour avec les nouvelles technologies et les r\u00e9glementations en mati\u00e8re d&rsquo;\u00e9lectricit\u00e9 pour fournir un travail de qualit\u00e9 et conforme aux normes.<\/li>\n<\/ul>\n <\/div>\n        <\/div>\n\n<!-- START OF : Composant : block-periscope-theme-section-composant-intertitre.php -->\n\n<div class=\"espace \ud83d\ude80\" data-aos=\"fade-up\">\n\t<div class=\"container\">\n\t\t<h2 class=\"h2 text-danger\">Dipl\u00f4me et formation pour devenir \u00e9lectricien<\/h2>\n\t<\/div>\n<\/div>\n<!-- END OF : Composant : block-periscope-theme-section-composant-intertitre.php -->\n\n\n<div class=\"espace \ud83d\ude80 mb-7 mb-lg-7 \" data-aos=\"fade-up\">\n        <div class=\"container\">\n<p>Les formations sont importantes pour <strong>apprendre le m\u00e9tier d\u2019\u00e9lectricien<\/strong>.<\/p>\n <\/div>\n        <\/div>\n\n<div class=\"espace \ud83d\ude80 mb-7 mb-lg-7 \" data-aos=\"fade-up\">\n        <div class=\"container\">\n<p>\u00c0 Hall 32, nous proposons des formations initiales et continue pour devenir \u00e9lectricien. D\u00e9couvrez notre Bac pro et nos <strong>formations professionnelles \u00e9lectricien<\/strong>.<\/p>\n <\/div>\n        <\/div>\n\n<!-- START OF : Composant : block-periscope-theme-section-composant-bloc-cta.php -->\n<div class=\"overflow-hidden\">\n\t\t<div class=\"row g-0 \">\n\t\t\t\t<div class=\"col-sm-6\">\n\t\t\t<div class=\"carre-img h-100\">\n\t<picture>\n\t\t<img decoding=\"async\" src=\"https:\/\/www.hall32.fr\/ecole\/wp-content\/uploads\/sites\/2\/2023\/07\/100DPI-Photos-site-719x639Plan-de-travail-32.jpg\" alt=\"Apprenant et son formateur lors d'un cours sur le plateau technique de hall 32 en bac pro MELEC\" width=\"443\" height=\"443\" alt=\"\" class=\"w-100 h-100 of-cover op-center\" loading=\"lazy\" \/>\n\t<\/picture>\n<\/div>\n\t\t<\/div>\n\t\t<div class=\"col-sm-6\">\n\t\t\t<div class=\"carre h-100 px-2 py-7 p-md-7 p-lg-14 h-100 text-start d-flex flex-column align-items-start justify-content-center bg-warning\">\n\t<div data-aos=\"fade-left\">\n\t\t<h3 class=\"h2\"><\/h3>\n\t\t<p class=\"fs-18 fs-lg-20\">Notre Bac pro M\u00e9tier de l\u2019\u00c9lectricit\u00e9 et de ses Environnements Connect\u00e9s (Bac pro MELEC) vous permettra d\u2019apprendre les op\u00e9rations de r\u00e9alisation, de mise en service et de maintenance. Vous d\u00e9couvrirez \u00e9galement la manipulation des interventions \u00e9lectriques qu\u2019un \u00e9lectricien est amen\u00e9 \u00e0 faire. Le tout en formation en alternance : de quoi combiner la formation effectu\u00e9e \u00e0 Hall 32 et la pratique de terrain avec les p\u00e9riodes en entreprise. Une vraie mise en condition de travail !<\/p>\n\t\t\t\t<a href=\"https:\/\/www.hall32.fr\/ecole\/formations\/nos-bac-pro\/metiers-de-lelectricite-et-de-ses-environnements-connectes-melec\/\" title=\"D\u00e9couvrir le Bac Pro MELEC\" target=\"\" class=\"btn btn-dark\" data-gtm=\"\" data-name=\"\">D\u00e9couvrir le Bac Pro MELEC<\/a>\n\t\t\t<\/div>\n<\/div>\n\t\t<\/div>\n\t\t\t\t<\/div>\n<\/div>\n<!-- END OF : Composant : block-periscope-theme-section-composant-bloc-cta.php -->\n\n\n<div class=\"espace \ud83d\ude80 mb-7 mb-lg-7 \" data-aos=\"fade-up\">\n        <div class=\"container\">\n<p><\/p>\n <\/div>\n        <\/div>\n\n<div class=\"espace \ud83d\ude80 mb-7 mb-lg-7 \" data-aos=\"fade-up\">\n        <div class=\"container\">\n<p>Nous proposons aussi des formations sur l\u2019Initiation et perfectionnement en \u00e9lectricit\u00e9 industrielle, notamment pour les personnes ayant d\u00e9j\u00e0 des connaissances en \u00e9lectricit\u00e9.<\/p>\n <\/div>\n        <\/div>\n\n<div class=\"espace \ud83d\ude80 mb-7 mb-lg-7 \" data-aos=\"fade-up\">\n        <div class=\"container\">\n<p>Deux formations s\u2019ouvrent \u00e0 vous dans ce cas : la <a href=\"https:\/\/www.hall32.fr\/la-formation-professionnelle-et-continue\/catalogue-de-formations-continues\/maintenance-variateur-rockwell-powerflex\/\">maintenance variateur Rockwell &#8211; Power Flex<\/a> et l\u2019<a href=\"https:\/\/www.hall32.fr\/la-formation-professionnelle-et-continue\/catalogue-de-formations-continues\/habilitation-electrique-initial-b0v-b1v-bs-br-bc-be\/\">habilitation \u00e9lectrique initiale B0V-B1V-B2V-BS-BR-BC-BE<\/a>.<\/p>\n <\/div>\n        <\/div>\n\n<!-- START OF : Composant : block-periscope-theme-section-composant-two-columns.php -->\n<div class=\"espace \ud83d\ude80 mb-7 mb-lg-14\">\n\t<div class=\"container\">\n\t\t<div class=\"row\">\n\t\t\t<div class=\"col-lg-10 offset-lg-1\">\n\t\t\t\t<div class=\"two-columns row  overflow-hidden\">\n\t<div class=\"col-lg-6 order-last order-lg-first\" data-aos=\"fade-right\">\n\t\t\t\t<h2 class=\"h2 text-info\">Quel est le salaire d\u2019un \u00e9lectricien ?<\/h2>\n\t\t\t\t\t\t<p>Le travail d&#039;\u00e9lectricien est un travail demand\u00e9 au sein de toutes sortes de secteurs d&#039;activit\u00e9. Le salaire moyen brut pour un \u00e9lectricien d\u00e9butant est de 1800 \u20ac par mois. Ce salaire peut varier suivant le niveau d&#039;\u00e9tude et l&#039;exp\u00e9rience accumul\u00e9e du professionnel<\/p>\n\t\t\t\t\t<\/div>\n\t\t<div class=\"col-lg-6 mb-4 mb-lg-0\" data-aos=\"fade-left\">\n\t\t<picture class=\"d-block ratio ratio-1x1\">\n\t\t\t<img decoding=\"async\" src=\"https:\/\/www.hall32.fr\/ecole\/wp-content\/uploads\/sites\/2\/2023\/07\/100DPI-Photos-site-719x639Plan-de-travail-34.jpg\" width=\"443\" height=\"443\" alt=\"\" \/>\n\t\t<\/picture>\n\t\t<p class=\"pt-1 two-columns__legend image__legend\"><\/p>\n\t<\/div>\n\t<\/div>\t\t\t<\/div>\n\t\t<\/div>\n\t<\/div>\n<\/div>\n<!-- END OF : Composant : block-periscope-theme-section-composant-two-columns.php -->\n\n\n<!-- START OF : Composant : block-periscope-theme-section-composant-bloc-cta.php -->\n<div class=\"overflow-hidden\">\n\t\t<div class=\"row g-0 \">\n\t\t\n\t\t<div class=\"col-sm-6\">\n\t\t\t\t\t<div class=\"carre h-100 px-2 py-7 p-md-7 p-lg-14 h-100 text-start d-flex flex-column align-items-start justify-content-center bg-primary\">\n\t<div data-aos=\"fade-left\">\n\t\t<h3 class=\"h2\">Secteurs d&#039;activit\u00e9<\/h3>\n\t\t<p class=\"fs-18 fs-lg-20\">Les \u00e9lectriciens peuvent \u00eatre employ\u00e9s par des entreprises sp\u00e9cialis\u00e9es dans les travaux \u00e9lectriques r\u00e9sidentiels ou industriels. Leur travail consistera \u00e0 installer, r\u00e9parer et entretenir les syst\u00e8mes \u00e9lectriques des maisons, des appartements et d&rsquo;autres types de logements.<br \/>\r\n<br \/>\r\nLes \u00e9lectriciens peuvent aussi travailler dans le secteur de l&rsquo;\u00e9lectricit\u00e9 commerciale, o\u00f9 ils sont charg\u00e9s d&rsquo;installer et de maintenir les syst\u00e8mes \u00e9lectriques des b\u00e2timents commerciaux tels que les bureaux, les magasins, les restaurants et les h\u00f4tels.<\/p>\n\t\t\t<\/div>\n<\/div>\n\t\t<\/div>\n\t\t\t\t\t\n\t\t<div class=\"col-sm-6\">\n\t\t\t\t\t<div class=\"carre h-100 px-2 py-7 p-md-7 p-lg-14 h-100 text-start d-flex flex-column align-items-start justify-content-center bg-light\">\n\t<div data-aos=\"fade-left\">\n\t\t<h3 class=\"h2\"><\/h3>\n\t\t<p class=\"fs-18 fs-lg-20\">Dans le domaine de l&rsquo;\u00e9lectricit\u00e9 industrielle, les \u00e9lectriciens sont responsables de l&rsquo;installation, de la maintenance et de la r\u00e9paration des syst\u00e8mes \u00e9lectriques utilis\u00e9s dans les usines, les installations de fabrication, les entrep\u00f4ts et d&rsquo;autres environnements industriels.<br \/>\r\n<br \/>\r\nLes \u00e9lectriciens peuvent travailler sur des chantiers de construction, o\u00f9 ils sont impliqu\u00e9s dans l&rsquo;installation initiale des syst\u00e8mes \u00e9lectriques des b\u00e2timents en cours de construction.<\/p>\n\t\t\t<\/div>\n<\/div>\n\t\t<\/div>\n\t\t\t\t\t\t\t\t<\/div>\n<\/div>\n<!-- END OF : Composant : block-periscope-theme-section-composant-bloc-cta.php -->\n\n\n<!-- START OF : Composant : block-periscope-theme-section-composant-bloc-cta.php -->\n<div class=\"overflow-hidden\">\n\t\t<div class=\"row g-0 \">\n\t\t\t\t<div class=\"col-sm-6\">\n\t\t\t<div class=\"carre-img h-100\">\n\t<picture>\n\t\t<img decoding=\"async\" src=\"https:\/\/www.hall32.fr\/ecole\/wp-content\/uploads\/sites\/2\/2023\/07\/100DPI-Photos-site-719x639Plan-de-travail-36.jpg\" alt=\"Formation Bac Pro MELEC Hall 32\" width=\"443\" height=\"443\" alt=\"\" class=\"w-100 h-100 of-cover op-center\" loading=\"lazy\" \/>\n\t<\/picture>\n<\/div>\n\t\t<\/div>\n\t\t<div class=\"col-sm-6\">\n\t\t\t<div class=\"carre h-100 px-2 py-7 p-md-7 p-lg-14 h-100 text-start d-flex flex-column align-items-start justify-content-center bg-primary\">\n\t<div data-aos=\"fade-left\">\n\t\t<h3 class=\"h2\"><\/h3>\n\t\t<p class=\"fs-18 fs-lg-20\">Certains \u00e9lectriciens peuvent travailler dans le secteur de l&rsquo;\u00e9nergie et des services publics, o\u00f9 ils sont impliqu\u00e9s dans la construction, la maintenance et la r\u00e9paration des installations \u00e9lectriques li\u00e9es \u00e0 la production, la transmission et la distribution de l&rsquo;\u00e9lectricit\u00e9.<br \/>\r\n<br \/>\r\nLes \u00e9lectriciens sp\u00e9cialis\u00e9s dans l&rsquo;\u00e9clairage peuvent travailler dans des entreprises sp\u00e9cialis\u00e9es dans la conception, l&rsquo;installation et la maintenance des syst\u00e8mes d&rsquo;\u00e9clairage int\u00e9rieur et ext\u00e9rieur, y compris l&rsquo;\u00e9clairage architectural et l&rsquo;\u00e9clairage public.<\/p>\n\t\t\t<\/div>\n<\/div>\n\t\t<\/div>\n\t\t\t\t<\/div>\n<\/div>\n<!-- END OF : Composant : block-periscope-theme-section-composant-bloc-cta.php -->\n\n\n<!-- START OF : Composant : block-periscope-theme-section-composant-bloc-cta.php -->\n<div class=\"overflow-hidden\">\n\t\t<div class=\"row g-0 flex-row-reverse\">\n\t\t\t\t<div class=\"col-sm-6\">\n\t\t\t<div class=\"carre-img h-100\">\n\t<picture>\n\t\t<img decoding=\"async\" src=\"https:\/\/www.hall32.fr\/ecole\/wp-content\/uploads\/sites\/2\/2023\/07\/100DPI-Photos-site-719x639Plan-de-travail-33.jpg\" alt=\"Formation professionnelle hall 32 \u00e9lectricit\u00e9 plateau technique\" width=\"443\" height=\"443\" alt=\"\" class=\"w-100 h-100 of-cover op-center\" loading=\"lazy\" \/>\n\t<\/picture>\n<\/div>\n\t\t<\/div>\n\t\t<div class=\"col-sm-6\">\n\t\t\t<div class=\"carre h-100 px-2 py-7 p-md-7 p-lg-14 h-100 text-start d-flex flex-column align-items-start justify-content-center bg-warning\">\n\t<div data-aos=\"fade-left\">\n\t\t<h3 class=\"h2\">D\u00e9bouch\u00e9s et opportunit\u00e9s professionnelles du m\u00e9tier d\u2019\u00e9lectricien<\/h3>\n\t\t<p class=\"fs-18 fs-lg-20\">Le travail d&rsquo;\u00e9lectricien est tr\u00e8s recherch\u00e9 et de nombreuses entreprises cherchent \u00e0 recruter des \u00e9lectriciens professionnels avec de l\u2019exp\u00e9rience.<br \/>\r\n<br \/>\r\nCe travail permet d\u2019obtenir des relations professionnelles et donc \u00e9largir sa client\u00e8le. Apr\u00e8s plusieurs ann\u00e9es et un portefeuille client fid\u00e8le, l\u2019\u00e9lectricien peut se mettre \u00e0 son compte pour \u00eatre \u00e9lectricien ind\u00e9pendant.<\/p>\n\t\t\t<\/div>\n<\/div>\n\t\t<\/div>\n\t\t\t\t<\/div>\n<\/div>\n<!-- END OF : Composant : block-periscope-theme-section-composant-bloc-cta.php -->\n\n\n<!-- START OF : Composant : block-periscope-theme-section-composant-espace.php -->\n<div class=\"espace \ud83d\ude80 mb-7 mb-lg-14\"><\/div>\n<!-- END OF : Composant : block-periscope-theme-section-composant-espace.php -->\n\n\n<!-- START OF : Composant : block-periscope-theme-section-composant-video.php -->\n<div class=\"espace \ud83d\ude80 mb-7 mb-lg-14\" data-aos=\"fade-up\">\n\t<div class=\"container\">\n        <p class=\"cookieconsent-optout-marketing\">\n            Veuillez \n            <a href=\"javascript:Cookiebot.renew()\">\n            accepter les cookies Marketing<\/a> pour voir cette vid\u00e9o.\t\t\t\n        <\/p>\n        <div class=\"ratio ratio-16x9\">\n            <div class=\"container\"><iframe width=\"100%\" height=\"100%\" data-src=\"https:\/\/www.youtube-nocookie.com\/embed\/3SNUotTr26E?controls=0\" title=\"YouTube video player\" data-cookieconsent=\"marketing\" frameborder=\"0\" allow=\"accelerometer; autoplay; clipboard-write; encrypted-media; gyroscope; picture-in-picture\" allowfullscreen><\/iframe><\/div>\n        <\/div>\n            <\/div>\n<\/div>\n<!-- END OF : Composant : block-periscope-theme-section-composant-video.php -->\n","protected":false},"excerpt":{"rendered":"<p>L\u2019\u00e9lectricien doit \u00eatre capable de lire et d&rsquo;interpr\u00e9ter les plans, les sch\u00e9mas \u00e9lectriques, les diagrammes de c\u00e2blage pour comprendre les sp\u00e9cifications techniques, les connexions et les circuits \u00e9lectriques. Il utilise ces informations pour r\u00e9aliser les travaux d&rsquo;installation et de r\u00e9paration. Un \u00e9lectricien est charg\u00e9 d&rsquo;installer et de mettre en place les syst\u00e8mes \u00e9lectriques dans les [&hellip;]<\/p>\n","protected":false},"author":10,"featured_media":0,"parent":0,"menu_order":0,"comment_status":"closed","ping_status":"closed","template":"","meta":{"_acf_changed":false,"footnotes":""},"class_list":["post-3472","page","type-page","status-publish","hentry"],"acf":[],"yoast_head":"<!-- This site is optimized with the Yoast SEO plugin v25.9 - https:\/\/yoast.com\/wordpress\/plugins\/seo\/ -->\n<title>Le m\u00e9tier d&#039;\u00e9lectricien : expertise dans les installations \u00e9lectriques - Ecole<\/title>\n<meta name=\"description\" content=\"D\u00e9couvrez le m\u00e9tier d\u2019\u00e9lectricien avec Hall 32. Apprenez-en plus sur les formations en \u00e9lectricit\u00e9, les missions, le salaire et les d\u00e9bouch\u00e9s possibles pour un \u00e9lectricien.\" \/>\n<meta name=\"robots\" content=\"index, follow, max-snippet:-1, max-image-preview:large, max-video-preview:-1\" \/>\n<link rel=\"canonical\" href=\"https:\/\/www.hall32.fr\/ecole\/le-metier-delectricien-expertise-dans-les-installations-electriques\/\" \/>\n<meta property=\"og:locale\" content=\"fr_FR\" \/>\n<meta property=\"og:type\" content=\"article\" \/>\n<meta property=\"og:title\" content=\"Le m\u00e9tier d&#039;\u00e9lectricien : expertise dans les installations \u00e9lectriques - Ecole\" \/>\n<meta property=\"og:description\" content=\"D\u00e9couvrez le m\u00e9tier d\u2019\u00e9lectricien avec Hall 32. Apprenez-en plus sur les formations en \u00e9lectricit\u00e9, les missions, le salaire et les d\u00e9bouch\u00e9s possibles pour un \u00e9lectricien.\" \/>\n<meta property=\"og:url\" content=\"https:\/\/www.hall32.fr\/ecole\/le-metier-delectricien-expertise-dans-les-installations-electriques\/\" \/>\n<meta property=\"og:site_name\" content=\"Ecole\" \/>\n<meta property=\"article:modified_time\" content=\"2024-10-04T08:23:03+00:00\" \/>\n<meta name=\"twitter:card\" content=\"summary_large_image\" \/>\n<meta name=\"twitter:label1\" content=\"Dur\u00e9e de lecture estim\u00e9e\" \/>\n\t<meta name=\"twitter:data1\" content=\"2 minutes\" \/>\n<script type=\"application\/ld+json\" class=\"yoast-schema-graph\">{\"@context\":\"https:\/\/schema.org\",\"@graph\":[{\"@type\":\"WebPage\",\"@id\":\"https:\/\/www.hall32.fr\/ecole\/le-metier-delectricien-expertise-dans-les-installations-electriques\/\",\"url\":\"https:\/\/www.hall32.fr\/ecole\/le-metier-delectricien-expertise-dans-les-installations-electriques\/\",\"name\":\"Le m\u00e9tier d'\u00e9lectricien : expertise dans les installations \u00e9lectriques - Ecole\",\"isPartOf\":{\"@id\":\"https:\/\/www.hall32.fr\/ecole\/#website\"},\"datePublished\":\"2023-07-25T09:05:44+00:00\",\"dateModified\":\"2024-10-04T08:23:03+00:00\",\"description\":\"D\u00e9couvrez le m\u00e9tier d\u2019\u00e9lectricien avec Hall 32. Apprenez-en plus sur les formations en \u00e9lectricit\u00e9, les missions, le salaire et les d\u00e9bouch\u00e9s possibles pour un \u00e9lectricien.\",\"breadcrumb\":{\"@id\":\"https:\/\/www.hall32.fr\/ecole\/le-metier-delectricien-expertise-dans-les-installations-electriques\/#breadcrumb\"},\"inLanguage\":\"fr-FR\",\"potentialAction\":[{\"@type\":\"ReadAction\",\"target\":[\"https:\/\/www.hall32.fr\/ecole\/le-metier-delectricien-expertise-dans-les-installations-electriques\/\"]}]},{\"@type\":\"BreadcrumbList\",\"@id\":\"https:\/\/www.hall32.fr\/ecole\/le-metier-delectricien-expertise-dans-les-installations-electriques\/#breadcrumb\",\"itemListElement\":[{\"@type\":\"ListItem\",\"position\":1,\"name\":\"Accueil\",\"item\":\"https:\/\/www.hall32.fr\/ecole\/\"},{\"@type\":\"ListItem\",\"position\":2,\"name\":\"Le m\u00e9tier d&#8217;\u00e9lectricien : expertise dans les installations \u00e9lectriques\"}]},{\"@type\":\"WebSite\",\"@id\":\"https:\/\/www.hall32.fr\/ecole\/#website\",\"url\":\"https:\/\/www.hall32.fr\/ecole\/\",\"name\":\"Ecole\",\"description\":\"\",\"potentialAction\":[{\"@type\":\"SearchAction\",\"target\":{\"@type\":\"EntryPoint\",\"urlTemplate\":\"https:\/\/www.hall32.fr\/ecole\/?s={search_term_string}\"},\"query-input\":{\"@type\":\"PropertyValueSpecification\",\"valueRequired\":true,\"valueName\":\"search_term_string\"}}],\"inLanguage\":\"fr-FR\"}]}<\/script>\n<!-- \/ Yoast SEO plugin. -->","yoast_head_json":{"title":"Le m\u00e9tier d'\u00e9lectricien : expertise dans les installations \u00e9lectriques - Ecole","description":"D\u00e9couvrez le m\u00e9tier d\u2019\u00e9lectricien avec Hall 32. Apprenez-en plus sur les formations en \u00e9lectricit\u00e9, les missions, le salaire et les d\u00e9bouch\u00e9s possibles pour un \u00e9lectricien.","robots":{"index":"index","follow":"follow","max-snippet":"max-snippet:-1","max-image-preview":"max-image-preview:large","max-video-preview":"max-video-preview:-1"},"canonical":"https:\/\/www.hall32.fr\/ecole\/le-metier-delectricien-expertise-dans-les-installations-electriques\/","og_locale":"fr_FR","og_type":"article","og_title":"Le m\u00e9tier d'\u00e9lectricien : expertise dans les installations \u00e9lectriques - Ecole","og_description":"D\u00e9couvrez le m\u00e9tier d\u2019\u00e9lectricien avec Hall 32. Apprenez-en plus sur les formations en \u00e9lectricit\u00e9, les missions, le salaire et les d\u00e9bouch\u00e9s possibles pour un \u00e9lectricien.","og_url":"https:\/\/www.hall32.fr\/ecole\/le-metier-delectricien-expertise-dans-les-installations-electriques\/","og_site_name":"Ecole","article_modified_time":"2024-10-04T08:23:03+00:00","twitter_card":"summary_large_image","twitter_misc":{"Dur\u00e9e de lecture estim\u00e9e":"2 minutes"},"schema":{"@context":"https:\/\/schema.org","@graph":[{"@type":"WebPage","@id":"https:\/\/www.hall32.fr\/ecole\/le-metier-delectricien-expertise-dans-les-installations-electriques\/","url":"https:\/\/www.hall32.fr\/ecole\/le-metier-delectricien-expertise-dans-les-installations-electriques\/","name":"Le m\u00e9tier d'\u00e9lectricien : expertise dans les installations \u00e9lectriques - Ecole","isPartOf":{"@id":"https:\/\/www.hall32.fr\/ecole\/#website"},"datePublished":"2023-07-25T09:05:44+00:00","dateModified":"2024-10-04T08:23:03+00:00","description":"D\u00e9couvrez le m\u00e9tier d\u2019\u00e9lectricien avec Hall 32. Apprenez-en plus sur les formations en \u00e9lectricit\u00e9, les missions, le salaire et les d\u00e9bouch\u00e9s possibles pour un \u00e9lectricien.","breadcrumb":{"@id":"https:\/\/www.hall32.fr\/ecole\/le-metier-delectricien-expertise-dans-les-installations-electriques\/#breadcrumb"},"inLanguage":"fr-FR","potentialAction":[{"@type":"ReadAction","target":["https:\/\/www.hall32.fr\/ecole\/le-metier-delectricien-expertise-dans-les-installations-electriques\/"]}]},{"@type":"BreadcrumbList","@id":"https:\/\/www.hall32.fr\/ecole\/le-metier-delectricien-expertise-dans-les-installations-electriques\/#breadcrumb","itemListElement":[{"@type":"ListItem","position":1,"name":"Accueil","item":"https:\/\/www.hall32.fr\/ecole\/"},{"@type":"ListItem","position":2,"name":"Le m\u00e9tier d&#8217;\u00e9lectricien : expertise dans les installations \u00e9lectriques"}]},{"@type":"WebSite","@id":"https:\/\/www.hall32.fr\/ecole\/#website","url":"https:\/\/www.hall32.fr\/ecole\/","name":"Ecole","description":"","potentialAction":[{"@type":"SearchAction","target":{"@type":"EntryPoint","urlTemplate":"https:\/\/www.hall32.fr\/ecole\/?s={search_term_string}"},"query-input":{"@type":"PropertyValueSpecification","valueRequired":true,"valueName":"search_term_string"}}],"inLanguage":"fr-FR"}]}},"_links":{"self":[{"href":"https:\/\/www.hall32.fr\/ecole\/wp-json\/wp\/v2\/pages\/3472","targetHints":{"allow":["GET"]}}],"collection":[{"href":"https:\/\/www.hall32.fr\/ecole\/wp-json\/wp\/v2\/pages"}],"about":[{"href":"https:\/\/www.hall32.fr\/ecole\/wp-json\/wp\/v2\/types\/page"}],"author":[{"embeddable":true,"href":"https:\/\/www.hall32.fr\/ecole\/wp-json\/wp\/v2\/users\/10"}],"replies":[{"embeddable":true,"href":"https:\/\/www.hall32.fr\/ecole\/wp-json\/wp\/v2\/comments?post=3472"}],"version-history":[{"count":3,"href":"https:\/\/www.hall32.fr\/ecole\/wp-json\/wp\/v2\/pages\/3472\/revisions"}],"predecessor-version":[{"id":4072,"href":"https:\/\/www.hall32.fr\/ecole\/wp-json\/wp\/v2\/pages\/3472\/revisions\/4072"}],"wp:attachment":[{"href":"https:\/\/www.hall32.fr\/ecole\/wp-json\/wp\/v2\/media?parent=3472"}],"curies":[{"name":"wp","href":"https:\/\/api.w.org\/{rel}","templated":true}]}}